{"id":39,"date":"2023-10-02T21:00:16","date_gmt":"2023-10-02T19:00:16","guid":{"rendered":"http:\/\/www.dev.sport28.fr\/?page_id=39"},"modified":"2025-04-23T10:45:19","modified_gmt":"2025-04-23T08:45:19","slug":"sport-politique-publique","status":"publish","type":"page","link":"https:\/\/www.sport28.fr\/index.php\/sport-politique-publique\/","title":{"rendered":"Sport &#038; Politiques publiques"},"content":{"rendered":"\t\t<div data-elementor-type=\"wp-page\" data-elementor-id=\"39\" class=\"elementor elementor-39\" data-elementor-post-type=\"page\">\n\t\t\t\t<div class=\"elementor-element elementor-element-677d86ad e-con-full e-flex e-con e-parent\" data-id=\"677d86ad\" data-element_type=\"container\" data-e-type=\"container\" data-settings=\"{&quot;background_background&quot;:&quot;classic&quot;}\">\n\t\t<div class=\"elementor-element elementor-element-2f6e32d e-con-full e-flex e-con e-child\" data-id=\"2f6e32d\" data-element_type=\"container\" data-e-type=\"container\">\n\t\t\t\t<div class=\"elementor-element elementor-element-2b78efa9 animated-slow elementor-invisible elementor-widget elementor-widget-heading\" data-id=\"2b78efa9\" data-element_type=\"widget\" data-e-type=\"widget\" data-settings=\"{&quot;_animation&quot;:&quot;slideInUp&quot;}\" data-widget_type=\"heading.default\">\n\t\t\t\t<div class=\"elementor-widget-container\">\n\t\t\t\t\t<h2 class=\"elementor-heading-title elementor-size-default\">Sport et politiques  publiques<\/h2>\t\t\t\t<\/div>\n\t\t\t\t<\/div>\n\t\t\t\t<\/div>\n\t\t<div class=\"elementor-element elementor-element-515c394a e-con-full e-flex e-con e-child\" data-id=\"515c394a\" data-element_type=\"container\" data-e-type=\"container\">\n\t\t<div class=\"elementor-element elementor-element-57ddc8d7 animated-slow e-con-full e-flex elementor-invisible e-con e-child\" data-id=\"57ddc8d7\" data-element_type=\"container\" data-e-type=\"container\" data-settings=\"{&quot;animation&quot;:&quot;fadeInUp&quot;,&quot;animation_delay&quot;:150}\">\n\t\t\t\t<div class=\"elementor-element elementor-element-5d075f9d elementor-cta--skin-cover elementor-cta--valign-bottom elementor-animated-content elementor-bg-transform elementor-bg-transform-zoom-in elementor-widget elementor-widget-call-to-action\" data-id=\"5d075f9d\" data-element_type=\"widget\" data-e-type=\"widget\" data-widget_type=\"call-to-action.default\">\n\t\t\t\t<div class=\"elementor-widget-container\">\n\t\t\t\t\t\t\t<div class=\"elementor-cta\">\n\t\t\t\t\t<div class=\"elementor-cta__bg-wrapper\">\n\t\t\t\t<div class=\"elementor-cta__bg elementor-bg\" style=\"background-image: url(https:\/\/www.sport28.fr\/wp-content\/uploads\/2025\/01\/Design-sans-titre-2-1024x1024.png);\" role=\"img\" aria-label=\"Design sans titre (2)\"><\/div>\n\t\t\t\t<div class=\"elementor-cta__bg-overlay\"><\/div>\n\t\t\t<\/div>\n\t\t\t\t\t\t\t<div class=\"elementor-cta__content\">\n\t\t\t\t\n\t\t\t\t\t\t\t\t\t<h2 class=\"elementor-cta__title elementor-cta__content-item elementor-content-item elementor-animated-item--grow\">\n\t\t\t\t\t\tSch\u00e9mas sportifs territoriaux \t\t\t\t\t<\/h2>\n\t\t\t\t\n\t\t\t\t\n\t\t\t\t\t\t\t<\/div>\n\t\t\t\t\t\t<\/div>\n\t\t\t\t\t\t<\/div>\n\t\t\t\t<\/div>\n\t\t\t\t<div class=\"elementor-element elementor-element-1c3647e5 elementor-widget__width-initial animated-slow elementor-invisible elementor-widget elementor-widget-spacer\" data-id=\"1c3647e5\" data-element_type=\"widget\" data-e-type=\"widget\" data-settings=\"{&quot;_animation&quot;:&quot;rotateInDownLeft&quot;}\" data-widget_type=\"spacer.default\">\n\t\t\t\t<div class=\"elementor-widget-container\">\n\t\t\t\t\t\t\t<div class=\"elementor-spacer\">\n\t\t\t<div class=\"elementor-spacer-inner\"><\/div>\n\t\t<\/div>\n\t\t\t\t\t\t<\/div>\n\t\t\t\t<\/div>\n\t\t\t\t<div class=\"elementor-element elementor-element-4e4dcfb5 elementor-cta--layout-image-above elementor-cta--skin-classic elementor-animated-content elementor-bg-transform elementor-bg-transform-zoom-in elementor-widget elementor-widget-call-to-action\" data-id=\"4e4dcfb5\" data-element_type=\"widget\" data-e-type=\"widget\" data-widget_type=\"call-to-action.default\">\n\t\t\t\t<div class=\"elementor-widget-container\">\n\t\t\t\t\t\t\t<div class=\"elementor-cta\">\n\t\t\t\t\t\t\t<div class=\"elementor-cta__content\">\n\t\t\t\t\n\t\t\t\t\n\t\t\t\t\t\t\t\t\t<div class=\"elementor-cta__description elementor-cta__content-item elementor-content-item\">\n\t\t\t\t\t\tIl r\u00e9alise des sch\u00e9mas sportifs territoriaux pour chaque intercommunalit\u00e9 d'Eure-et-Loir dans le but de d\u00e9velopper les \u00e9quipements et la pratique sportive sur le territoire.\t\t\t\t\t<\/div>\n\t\t\t\t\n\t\t\t\t\t\t\t\t\t<div class=\"elementor-cta__button-wrapper elementor-cta__content-item elementor-content-item \">\n\t\t\t\t\t<a class=\"elementor-cta__button elementor-button elementor-size-\" href=\"https:\/\/www.sport28.fr\/index.php\/diagnostics-sportifs-de-territoire\/\" target=\"_blank\">\n\t\t\t\t\t\tvoir plus\t\t\t\t\t<\/a>\n\t\t\t\t\t<\/div>\n\t\t\t\t\t\t\t<\/div>\n\t\t\t\t\t\t<\/div>\n\t\t\t\t\t\t<\/div>\n\t\t\t\t<\/div>\n\t\t\t\t<\/div>\n\t\t<div class=\"elementor-element elementor-element-732c9b21 animated-slow e-con-full e-flex elementor-invisible e-con e-child\" data-id=\"732c9b21\" data-element_type=\"container\" data-e-type=\"container\" data-settings=\"{&quot;animation&quot;:&quot;fadeInUp&quot;,&quot;animation_delay&quot;:150}\">\n\t\t\t\t<div class=\"elementor-element elementor-element-49783ed8 elementor-cta--skin-cover elementor-cta--valign-bottom elementor-animated-content elementor-bg-transform elementor-bg-transform-zoom-in elementor-widget elementor-widget-call-to-action\" data-id=\"49783ed8\" data-element_type=\"widget\" data-e-type=\"widget\" data-widget_type=\"call-to-action.default\">\n\t\t\t\t<div class=\"elementor-widget-container\">\n\t\t\t\t\t\t\t<div class=\"elementor-cta\">\n\t\t\t\t\t<div class=\"elementor-cta__bg-wrapper\">\n\t\t\t\t<div class=\"elementor-cta__bg elementor-bg\" style=\"background-image: url(https:\/\/www.sport28.fr\/wp-content\/uploads\/2025\/01\/selection-formation-gestion-projet-93-1024x665.jpeg);\" role=\"img\" aria-label=\"selection-formation-gestion-projet-93\"><\/div>\n\t\t\t\t<div class=\"elementor-cta__bg-overlay\"><\/div>\n\t\t\t<\/div>\n\t\t\t\t\t\t\t<div class=\"elementor-cta__content\">\n\t\t\t\t\n\t\t\t\t\t\t\t\t\t<h2 class=\"elementor-cta__title elementor-cta__content-item elementor-content-item elementor-animated-item--grow\">\n\t\t\t\t\t\tformations\t\t\t\t\t<\/h2>\n\t\t\t\t\n\t\t\t\t\n\t\t\t\t\t\t\t<\/div>\n\t\t\t\t\t\t<\/div>\n\t\t\t\t\t\t<\/div>\n\t\t\t\t<\/div>\n\t\t\t\t<div class=\"elementor-element elementor-element-d48a882 elementor-widget__width-initial animated-slow elementor-invisible elementor-widget elementor-widget-spacer\" data-id=\"d48a882\" data-element_type=\"widget\" data-e-type=\"widget\" data-settings=\"{&quot;_animation&quot;:&quot;rotateInDownLeft&quot;}\" data-widget_type=\"spacer.default\">\n\t\t\t\t<div class=\"elementor-widget-container\">\n\t\t\t\t\t\t\t<div class=\"elementor-spacer\">\n\t\t\t<div class=\"elementor-spacer-inner\"><\/div>\n\t\t<\/div>\n\t\t\t\t\t\t<\/div>\n\t\t\t\t<\/div>\n\t\t\t\t<div class=\"elementor-element elementor-element-1167aa72 elementor-cta--layout-image-above elementor-cta--skin-classic elementor-animated-content elementor-bg-transform elementor-bg-transform-zoom-in elementor-widget elementor-widget-call-to-action\" data-id=\"1167aa72\" data-element_type=\"widget\" data-e-type=\"widget\" data-widget_type=\"call-to-action.default\">\n\t\t\t\t<div class=\"elementor-widget-container\">\n\t\t\t\t\t\t\t<div class=\"elementor-cta\">\n\t\t\t\t\t\t\t<div class=\"elementor-cta__content\">\n\t\t\t\t\n\t\t\t\t\n\t\t\t\t\t\t\t\t\t<div class=\"elementor-cta__description elementor-cta__content-item elementor-content-item\">\n\t\t\t\t\t\tIl met en place des formations \u00e0 destination des b\u00e9n\u00e9voles des associations sportives, au plus pr\u00e8s des territoires des communaut\u00e9s de communes et agglom\u00e9rations de notre territoire\t\t\t\t\t<\/div>\n\t\t\t\t\n\t\t\t\t\t\t\t\t\t<div class=\"elementor-cta__button-wrapper elementor-cta__content-item elementor-content-item \">\n\t\t\t\t\t<a class=\"elementor-cta__button elementor-button elementor-size-\" href=\"https:\/\/www.sport28.fr\/index.php\/formations-2025\/\" target=\"_blank\">\n\t\t\t\t\t\tvoir plus\t\t\t\t\t<\/a>\n\t\t\t\t\t<\/div>\n\t\t\t\t\t\t\t<\/div>\n\t\t\t\t\t\t<\/div>\n\t\t\t\t\t\t<\/div>\n\t\t\t\t<\/div>\n\t\t\t\t<\/div>\n\t\t<div class=\"elementor-element elementor-element-25545e58 animated-slow e-con-full e-flex elementor-invisible e-con e-child\" data-id=\"25545e58\" data-element_type=\"container\" data-e-type=\"container\" data-settings=\"{&quot;animation&quot;:&quot;fadeInUp&quot;,&quot;animation_delay&quot;:150}\">\n\t\t\t\t<div class=\"elementor-element elementor-element-318ce560 elementor-cta--skin-cover elementor-cta--valign-bottom elementor-animated-content elementor-bg-transform elementor-bg-transform-zoom-in elementor-widget elementor-widget-call-to-action\" data-id=\"318ce560\" data-element_type=\"widget\" data-e-type=\"widget\" data-widget_type=\"call-to-action.default\">\n\t\t\t\t<div class=\"elementor-widget-container\">\n\t\t\t\t\t\t\t<div class=\"elementor-cta\">\n\t\t\t\t\t<div class=\"elementor-cta__bg-wrapper\">\n\t\t\t\t<div class=\"elementor-cta__bg elementor-bg\" style=\"background-image: url(https:\/\/www.sport28.fr\/wp-content\/uploads\/2025\/01\/Design-sans-titre-3-1024x1024.png);\" role=\"img\" aria-label=\"Design sans titre (3)\"><\/div>\n\t\t\t\t<div class=\"elementor-cta__bg-overlay\"><\/div>\n\t\t\t<\/div>\n\t\t\t\t\t\t\t<div class=\"elementor-cta__content\">\n\t\t\t\t\n\t\t\t\t\t\t\t\t\t<h2 class=\"elementor-cta__title elementor-cta__content-item elementor-content-item elementor-animated-item--grow\">\n\t\t\t\t\t\t\u00e9quipements sportifs\t\t\t\t\t<\/h2>\n\t\t\t\t\n\t\t\t\t\n\t\t\t\t\t\t\t<\/div>\n\t\t\t\t\t\t<\/div>\n\t\t\t\t\t\t<\/div>\n\t\t\t\t<\/div>\n\t\t\t\t<div class=\"elementor-element elementor-element-541e6caf elementor-widget__width-initial animated-slow elementor-invisible elementor-widget elementor-widget-spacer\" data-id=\"541e6caf\" data-element_type=\"widget\" data-e-type=\"widget\" data-settings=\"{&quot;_animation&quot;:&quot;rotateInDownLeft&quot;}\" data-widget_type=\"spacer.default\">\n\t\t\t\t<div class=\"elementor-widget-container\">\n\t\t\t\t\t\t\t<div class=\"elementor-spacer\">\n\t\t\t<div class=\"elementor-spacer-inner\"><\/div>\n\t\t<\/div>\n\t\t\t\t\t\t<\/div>\n\t\t\t\t<\/div>\n\t\t\t\t<div class=\"elementor-element elementor-element-417f2acb elementor-cta--layout-image-above elementor-cta--skin-classic elementor-animated-content elementor-bg-transform elementor-bg-transform-zoom-in elementor-widget elementor-widget-call-to-action\" data-id=\"417f2acb\" data-element_type=\"widget\" data-e-type=\"widget\" data-widget_type=\"call-to-action.default\">\n\t\t\t\t<div class=\"elementor-widget-container\">\n\t\t\t\t\t\t\t<div class=\"elementor-cta\">\n\t\t\t\t\t\t\t<div class=\"elementor-cta__content\">\n\t\t\t\t\n\t\t\t\t\n\t\t\t\t\t\t\t\t\t<div class=\"elementor-cta__description elementor-cta__content-item elementor-content-item\">\n\t\t\t\t\t\tle CDOS a une fonction conseil pour les collectivit\u00e9s qui d\u00e9sirent r\u00e9aliser des \u00e9quipements sportifs.\t\t\t\t\t<\/div>\n\t\t\t\t\n\t\t\t\t\t\t\t\t\t<div class=\"elementor-cta__button-wrapper elementor-cta__content-item elementor-content-item \">\n\t\t\t\t\t<a class=\"elementor-cta__button elementor-button elementor-size-\" href=\"https:\/\/www.sport28.fr\/index.php\/diagnostics-sportifs-de-territoire\/\" target=\"_blank\">\n\t\t\t\t\t\tvoir plus \t\t\t\t\t<\/a>\n\t\t\t\t\t<\/div>\n\t\t\t\t\t\t\t<\/div>\n\t\t\t\t\t\t<\/div>\n\t\t\t\t\t\t<\/div>\n\t\t\t\t<\/div>\n\t\t\t\t<\/div>\n\t\t<div class=\"elementor-element elementor-element-22fbd9ef animated-slow e-con-full e-flex elementor-invisible e-con e-child\" data-id=\"22fbd9ef\" data-element_type=\"container\" data-e-type=\"container\" data-settings=\"{&quot;animation&quot;:&quot;fadeInUp&quot;,&quot;animation_delay&quot;:150}\">\n\t\t\t\t<div class=\"elementor-element elementor-element-78d0684b elementor-cta--skin-cover elementor-cta--valign-bottom elementor-animated-content elementor-bg-transform elementor-bg-transform-zoom-in elementor-widget elementor-widget-call-to-action\" data-id=\"78d0684b\" data-element_type=\"widget\" data-e-type=\"widget\" data-widget_type=\"call-to-action.default\">\n\t\t\t\t<div class=\"elementor-widget-container\">\n\t\t\t\t\t\t\t<div class=\"elementor-cta\">\n\t\t\t\t\t<div class=\"elementor-cta__bg-wrapper\">\n\t\t\t\t<div class=\"elementor-cta__bg elementor-bg\" style=\"background-image: url(https:\/\/www.sport28.fr\/wp-content\/uploads\/2025\/01\/Terre_de_Jeux_2024_-_Photo_de_profil_fond_blanc.jpg);\" role=\"img\" aria-label=\"Terre_de_Jeux_2024_-_Photo_de_profil_fond_blanc\"><\/div>\n\t\t\t\t<div class=\"elementor-cta__bg-overlay\"><\/div>\n\t\t\t<\/div>\n\t\t\t\t\t\t\t<div class=\"elementor-cta__content\">\n\t\t\t\t\n\t\t\t\t\t\t\t\t\t<h2 class=\"elementor-cta__title elementor-cta__content-item elementor-content-item elementor-animated-item--grow\">\n\t\t\t\t\t\tlabel terre de jeux 2024\t\t\t\t\t<\/h2>\n\t\t\t\t\n\t\t\t\t\n\t\t\t\t\t\t\t<\/div>\n\t\t\t\t\t\t<\/div>\n\t\t\t\t\t\t<\/div>\n\t\t\t\t<\/div>\n\t\t\t\t<div class=\"elementor-element elementor-element-144df560 elementor-widget__width-initial animated-slow elementor-invisible elementor-widget elementor-widget-spacer\" data-id=\"144df560\" data-element_type=\"widget\" data-e-type=\"widget\" data-settings=\"{&quot;_animation&quot;:&quot;rotateInDownLeft&quot;}\" data-widget_type=\"spacer.default\">\n\t\t\t\t<div class=\"elementor-widget-container\">\n\t\t\t\t\t\t\t<div class=\"elementor-spacer\">\n\t\t\t<div class=\"elementor-spacer-inner\"><\/div>\n\t\t<\/div>\n\t\t\t\t\t\t<\/div>\n\t\t\t\t<\/div>\n\t\t\t\t<div class=\"elementor-element elementor-element-6bc60e7c elementor-cta--layout-image-above elementor-cta--skin-classic elementor-animated-content elementor-bg-transform elementor-bg-transform-zoom-in elementor-widget elementor-widget-call-to-action\" data-id=\"6bc60e7c\" data-element_type=\"widget\" data-e-type=\"widget\" data-widget_type=\"call-to-action.default\">\n\t\t\t\t<div class=\"elementor-widget-container\">\n\t\t\t\t\t\t\t<div class=\"elementor-cta\">\n\t\t\t\t\t\t\t<div class=\"elementor-cta__content\">\n\t\t\t\t\n\t\t\t\t\n\t\t\t\t\t\t\t\t\t<div class=\"elementor-cta__description elementor-cta__content-item elementor-content-item\">\n\t\t\t\t\t\tLe CDOS met en avant les valeurs de l'olympisme et accompagne les collectivit\u00e9s territoriales dans la promotion du label Terre de Jeux 2024.\t\t\t\t\t<\/div>\n\t\t\t\t\n\t\t\t\t\t\t\t\t\t<div class=\"elementor-cta__button-wrapper elementor-cta__content-item elementor-content-item \">\n\t\t\t\t\t<a class=\"elementor-cta__button elementor-button elementor-size-\" href=\"https:\/\/www.sport28.fr\/index.php\/terre-de-jeu\/\" target=\"_blank\">\n\t\t\t\t\t\tvoir plus\t\t\t\t\t<\/a>\n\t\t\t\t\t<\/div>\n\t\t\t\t\t\t\t<\/div>\n\t\t\t\t\t\t<\/div>\n\t\t\t\t\t\t<\/div>\n\t\t\t\t<\/div>\n\t\t\t\t<\/div>\n\t\t\t\t<\/div>\n\t\t\t\t<\/div>\n\t\t<div class=\"elementor-element elementor-element-845e6b6 e-flex e-con-boxed e-con e-parent\" data-id=\"845e6b6\" data-element_type=\"container\" data-e-type=\"container\">\n\t\t\t\t\t<div class=\"e-con-inner\">\n\t\t\t\t<div class=\"elementor-element elementor-element-1083986 elementor-widget-divider--view-line elementor-widget elementor-widget-divider\" data-id=\"1083986\" data-element_type=\"widget\" data-e-type=\"widget\" data-widget_type=\"divider.default\">\n\t\t\t\t<div class=\"elementor-widget-container\">\n\t\t\t\t\t\t\t<div class=\"elementor-divider\">\n\t\t\t<span class=\"elementor-divider-separator\">\n\t\t\t\t\t\t<\/span>\n\t\t<\/div>\n\t\t\t\t\t\t<\/div>\n\t\t\t\t<\/div>\n\t\t\t\t\t<\/div>\n\t\t\t\t<\/div>\n\t\t\t\t<\/div>\n\t\t","protected":false},"excerpt":{"rendered":"<p>Sport et politiques publiques Sch\u00e9mas sportifs territoriaux Il r\u00e9alise des sch\u00e9mas sportifs territoriaux pour chaque intercommunalit\u00e9 d&rsquo;Eure-et-Loir dans le but de d\u00e9velopper les \u00e9quipements et la pratique sportive sur le [&hellip;]<\/p>\n","protected":false},"author":1,"featured_media":0,"parent":0,"menu_order":0,"comment_status":"closed","ping_status":"closed","template":"","meta":{"footnotes":""},"class_list":["post-39","page","type-page","status-publish","hentry"],"yoast_head":"<!-- This site is optimized with the Yoast SEO plugin v27.5 - https:\/\/yoast.com\/product\/yoast-seo-wordpress\/ -->\n<title>Sport &amp; Politiques publiques - CDOS 28<\/title>\n<meta name=\"robots\" content=\"index, follow, max-snippet:-1, max-image-preview:large, max-video-preview:-1\" \/>\n<link rel=\"canonical\" href=\"https:\/\/www.sport28.fr\/index.php\/sport-politique-publique\/\" \/>\n<meta property=\"og:locale\" content=\"fr_FR\" \/>\n<meta property=\"og:type\" content=\"article\" \/>\n<meta property=\"og:title\" content=\"Sport &amp; Politiques publiques - CDOS 28\" \/>\n<meta property=\"og:description\" content=\"Sport et politiques publiques Sch\u00e9mas sportifs territoriaux Il r\u00e9alise des sch\u00e9mas sportifs territoriaux pour chaque intercommunalit\u00e9 d&rsquo;Eure-et-Loir dans le but de d\u00e9velopper les \u00e9quipements et la pratique sportive sur le [&hellip;]\" \/>\n<meta property=\"og:url\" content=\"https:\/\/www.sport28.fr\/index.php\/sport-politique-publique\/\" \/>\n<meta property=\"og:site_name\" content=\"CDOS 28\" \/>\n<meta property=\"article:publisher\" content=\"https:\/\/www.facebook.com\/CDOS28?locale=fr_FR\" \/>\n<meta property=\"article:modified_time\" content=\"2025-04-23T08:45:19+00:00\" \/>\n<meta property=\"og:image\" content=\"https:\/\/www.sport28.fr\/wp-content\/uploads\/2023\/10\/cdos_eure_et_loir_logo.jpg\" \/>\n\t<meta property=\"og:image:width\" content=\"1000\" \/>\n\t<meta property=\"og:image:height\" content=\"1000\" \/>\n\t<meta property=\"og:image:type\" content=\"image\/jpeg\" \/>\n<meta name=\"twitter:card\" content=\"summary_large_image\" \/>\n<meta name=\"twitter:label1\" content=\"Dur\u00e9e de lecture estim\u00e9e\" \/>\n\t<meta name=\"twitter:data1\" content=\"1 minute\" \/>\n<script type=\"application\/ld+json\" class=\"yoast-schema-graph\">{\"@context\":\"https:\\\/\\\/schema.org\",\"@graph\":[{\"@type\":\"WebPage\",\"@id\":\"https:\\\/\\\/www.sport28.fr\\\/index.php\\\/sport-politique-publique\\\/\",\"url\":\"https:\\\/\\\/www.sport28.fr\\\/index.php\\\/sport-politique-publique\\\/\",\"name\":\"Sport & Politiques publiques - CDOS 28\",\"isPartOf\":{\"@id\":\"https:\\\/\\\/www.sport28.fr\\\/#website\"},\"datePublished\":\"2023-10-02T19:00:16+00:00\",\"dateModified\":\"2025-04-23T08:45:19+00:00\",\"breadcrumb\":{\"@id\":\"https:\\\/\\\/www.sport28.fr\\\/index.php\\\/sport-politique-publique\\\/#breadcrumb\"},\"inLanguage\":\"fr-FR\",\"potentialAction\":[{\"@type\":\"ReadAction\",\"target\":[\"https:\\\/\\\/www.sport28.fr\\\/index.php\\\/sport-politique-publique\\\/\"]}]},{\"@type\":\"BreadcrumbList\",\"@id\":\"https:\\\/\\\/www.sport28.fr\\\/index.php\\\/sport-politique-publique\\\/#breadcrumb\",\"itemListElement\":[{\"@type\":\"ListItem\",\"position\":1,\"name\":\"Accueil\",\"item\":\"https:\\\/\\\/www.sport28.fr\\\/\"},{\"@type\":\"ListItem\",\"position\":2,\"name\":\"Sport &#038; Politiques publiques\"}]},{\"@type\":\"WebSite\",\"@id\":\"https:\\\/\\\/www.sport28.fr\\\/#website\",\"url\":\"https:\\\/\\\/www.sport28.fr\\\/\",\"name\":\"CDOS 28\",\"description\":\"Comit\u00e9 D\u00e9partementale Olympique et Sportif d&#039;Eure et Loir\",\"publisher\":{\"@id\":\"https:\\\/\\\/www.sport28.fr\\\/#organization\"},\"potentialAction\":[{\"@type\":\"SearchAction\",\"target\":{\"@type\":\"EntryPoint\",\"urlTemplate\":\"https:\\\/\\\/www.sport28.fr\\\/?s={search_term_string}\"},\"query-input\":{\"@type\":\"PropertyValueSpecification\",\"valueRequired\":true,\"valueName\":\"search_term_string\"}}],\"inLanguage\":\"fr-FR\"},{\"@type\":\"Organization\",\"@id\":\"https:\\\/\\\/www.sport28.fr\\\/#organization\",\"name\":\"Comit\u00e9 d\u00e9partemental olympique et sportif d'eure-et-loir\",\"alternateName\":\"cdos 28\",\"url\":\"https:\\\/\\\/www.sport28.fr\\\/\",\"logo\":{\"@type\":\"ImageObject\",\"inLanguage\":\"fr-FR\",\"@id\":\"https:\\\/\\\/www.sport28.fr\\\/#\\\/schema\\\/logo\\\/image\\\/\",\"url\":\"https:\\\/\\\/www.sport28.fr\\\/wp-content\\\/uploads\\\/2023\\\/10\\\/cdos_eure_et_loir_logo.jpg\",\"contentUrl\":\"https:\\\/\\\/www.sport28.fr\\\/wp-content\\\/uploads\\\/2023\\\/10\\\/cdos_eure_et_loir_logo.jpg\",\"width\":1000,\"height\":1000,\"caption\":\"Comit\u00e9 d\u00e9partemental olympique et sportif d'eure-et-loir\"},\"image\":{\"@id\":\"https:\\\/\\\/www.sport28.fr\\\/#\\\/schema\\\/logo\\\/image\\\/\"},\"sameAs\":[\"https:\\\/\\\/www.facebook.com\\\/CDOS28?locale=fr_FR\"]}]}<\/script>\n<!-- \/ Yoast SEO plugin. -->","yoast_head_json":{"title":"Sport & Politiques publiques - CDOS 28","robots":{"index":"index","follow":"follow","max-snippet":"max-snippet:-1","max-image-preview":"max-image-preview:large","max-video-preview":"max-video-preview:-1"},"canonical":"https:\/\/www.sport28.fr\/index.php\/sport-politique-publique\/","og_locale":"fr_FR","og_type":"article","og_title":"Sport & Politiques publiques - CDOS 28","og_description":"Sport et politiques publiques Sch\u00e9mas sportifs territoriaux Il r\u00e9alise des sch\u00e9mas sportifs territoriaux pour chaque intercommunalit\u00e9 d&rsquo;Eure-et-Loir dans le but de d\u00e9velopper les \u00e9quipements et la pratique sportive sur le [&hellip;]","og_url":"https:\/\/www.sport28.fr\/index.php\/sport-politique-publique\/","og_site_name":"CDOS 28","article_publisher":"https:\/\/www.facebook.com\/CDOS28?locale=fr_FR","article_modified_time":"2025-04-23T08:45:19+00:00","og_image":[{"width":1000,"height":1000,"url":"https:\/\/www.sport28.fr\/wp-content\/uploads\/2023\/10\/cdos_eure_et_loir_logo.jpg","type":"image\/jpeg"}],"twitter_card":"summary_large_image","twitter_misc":{"Dur\u00e9e de lecture estim\u00e9e":"1 minute"},"schema":{"@context":"https:\/\/schema.org","@graph":[{"@type":"WebPage","@id":"https:\/\/www.sport28.fr\/index.php\/sport-politique-publique\/","url":"https:\/\/www.sport28.fr\/index.php\/sport-politique-publique\/","name":"Sport & Politiques publiques - CDOS 28","isPartOf":{"@id":"https:\/\/www.sport28.fr\/#website"},"datePublished":"2023-10-02T19:00:16+00:00","dateModified":"2025-04-23T08:45:19+00:00","breadcrumb":{"@id":"https:\/\/www.sport28.fr\/index.php\/sport-politique-publique\/#breadcrumb"},"inLanguage":"fr-FR","potentialAction":[{"@type":"ReadAction","target":["https:\/\/www.sport28.fr\/index.php\/sport-politique-publique\/"]}]},{"@type":"BreadcrumbList","@id":"https:\/\/www.sport28.fr\/index.php\/sport-politique-publique\/#breadcrumb","itemListElement":[{"@type":"ListItem","position":1,"name":"Accueil","item":"https:\/\/www.sport28.fr\/"},{"@type":"ListItem","position":2,"name":"Sport &#038; Politiques publiques"}]},{"@type":"WebSite","@id":"https:\/\/www.sport28.fr\/#website","url":"https:\/\/www.sport28.fr\/","name":"CDOS 28","description":"Comit\u00e9 D\u00e9partementale Olympique et Sportif d&#039;Eure et Loir","publisher":{"@id":"https:\/\/www.sport28.fr\/#organization"},"potentialAction":[{"@type":"SearchAction","target":{"@type":"EntryPoint","urlTemplate":"https:\/\/www.sport28.fr\/?s={search_term_string}"},"query-input":{"@type":"PropertyValueSpecification","valueRequired":true,"valueName":"search_term_string"}}],"inLanguage":"fr-FR"},{"@type":"Organization","@id":"https:\/\/www.sport28.fr\/#organization","name":"Comit\u00e9 d\u00e9partemental olympique et sportif d'eure-et-loir","alternateName":"cdos 28","url":"https:\/\/www.sport28.fr\/","logo":{"@type":"ImageObject","inLanguage":"fr-FR","@id":"https:\/\/www.sport28.fr\/#\/schema\/logo\/image\/","url":"https:\/\/www.sport28.fr\/wp-content\/uploads\/2023\/10\/cdos_eure_et_loir_logo.jpg","contentUrl":"https:\/\/www.sport28.fr\/wp-content\/uploads\/2023\/10\/cdos_eure_et_loir_logo.jpg","width":1000,"height":1000,"caption":"Comit\u00e9 d\u00e9partemental olympique et sportif d'eure-et-loir"},"image":{"@id":"https:\/\/www.sport28.fr\/#\/schema\/logo\/image\/"},"sameAs":["https:\/\/www.facebook.com\/CDOS28?locale=fr_FR"]}]}},"_links":{"self":[{"href":"https:\/\/www.sport28.fr\/index.php\/wp-json\/wp\/v2\/pages\/39","targetHints":{"allow":["GET"]}}],"collection":[{"href":"https:\/\/www.sport28.fr\/index.php\/wp-json\/wp\/v2\/pages"}],"about":[{"href":"https:\/\/www.sport28.fr\/index.php\/wp-json\/wp\/v2\/types\/page"}],"author":[{"embeddable":true,"href":"https:\/\/www.sport28.fr\/index.php\/wp-json\/wp\/v2\/users\/1"}],"replies":[{"embeddable":true,"href":"https:\/\/www.sport28.fr\/index.php\/wp-json\/wp\/v2\/comments?post=39"}],"version-history":[{"count":41,"href":"https:\/\/www.sport28.fr\/index.php\/wp-json\/wp\/v2\/pages\/39\/revisions"}],"predecessor-version":[{"id":4051,"href":"https:\/\/www.sport28.fr\/index.php\/wp-json\/wp\/v2\/pages\/39\/revisions\/4051"}],"wp:attachment":[{"href":"https:\/\/www.sport28.fr\/index.php\/wp-json\/wp\/v2\/media?parent=39"}],"curies":[{"name":"wp","href":"https:\/\/api.w.org\/{rel}","templated":true}]}}