{"id":33,"date":"2023-10-02T20:57:53","date_gmt":"2023-10-02T18:57:53","guid":{"rendered":"http:\/\/www.dev.sport28.fr\/?page_id=33"},"modified":"2025-09-17T14:58:41","modified_gmt":"2025-09-17T12:58:41","slug":"equipe-technique","status":"publish","type":"page","link":"https:\/\/www.sport28.fr\/index.php\/equipe-technique\/","title":{"rendered":"Les salari\u00e9s"},"content":{"rendered":"\t\t<div data-elementor-type=\"wp-page\" data-elementor-id=\"33\" class=\"elementor elementor-33\" data-elementor-post-type=\"page\">\n\t\t\t\t<div class=\"elementor-element elementor-element-0afbde9 e-flex e-con-boxed e-con e-parent\" data-id=\"0afbde9\" data-element_type=\"container\" data-e-type=\"container\">\n\t\t\t\t\t<div class=\"e-con-inner\">\n\t\t<div class=\"elementor-element elementor-element-3f9181c e-con-full e-flex e-con e-child\" data-id=\"3f9181c\" data-element_type=\"container\" data-e-type=\"container\">\n\t\t\t\t<div class=\"elementor-element elementor-element-c711068 elementor-widget elementor-widget-image\" data-id=\"c711068\" data-element_type=\"widget\" data-e-type=\"widget\" data-widget_type=\"image.default\">\n\t\t\t\t<div class=\"elementor-widget-container\">\n\t\t\t\t\t\t\t\t\t\t\t\t\t\t\t<img fetchpriority=\"high\" decoding=\"async\" width=\"240\" height=\"300\" src=\"https:\/\/www.sport28.fr\/wp-content\/uploads\/2025\/07\/Design-sans-titre-13-240x300.png\" class=\"attachment-medium size-medium wp-image-4210\" alt=\"\" srcset=\"https:\/\/www.sport28.fr\/wp-content\/uploads\/2025\/07\/Design-sans-titre-13-240x300.png 240w, https:\/\/www.sport28.fr\/wp-content\/uploads\/2025\/07\/Design-sans-titre-13-819x1024.png 819w, https:\/\/www.sport28.fr\/wp-content\/uploads\/2025\/07\/Design-sans-titre-13-768x960.png 768w, https:\/\/www.sport28.fr\/wp-content\/uploads\/2025\/07\/Design-sans-titre-13.png 1080w\" sizes=\"(max-width: 240px) 100vw, 240px\" \/>\t\t\t\t\t\t\t\t\t\t\t\t\t\t\t<\/div>\n\t\t\t\t<\/div>\n\t\t\t\t<\/div>\n\t\t<div class=\"elementor-element elementor-element-6cef44b e-con-full e-flex e-con e-child\" data-id=\"6cef44b\" data-element_type=\"container\" data-e-type=\"container\">\n\t\t\t\t<div class=\"elementor-element elementor-element-466defc elementor-widget elementor-widget-image\" data-id=\"466defc\" data-element_type=\"widget\" data-e-type=\"widget\" data-widget_type=\"image.default\">\n\t\t\t\t<div class=\"elementor-widget-container\">\n\t\t\t\t\t\t\t\t\t\t\t\t\t\t\t<img decoding=\"async\" width=\"240\" height=\"300\" src=\"https:\/\/www.sport28.fr\/wp-content\/uploads\/2025\/09\/1-240x300.png\" class=\"attachment-medium size-medium wp-image-4247\" alt=\"\" srcset=\"https:\/\/www.sport28.fr\/wp-content\/uploads\/2025\/09\/1-240x300.png 240w, https:\/\/www.sport28.fr\/wp-content\/uploads\/2025\/09\/1-819x1024.png 819w, https:\/\/www.sport28.fr\/wp-content\/uploads\/2025\/09\/1-768x960.png 768w, https:\/\/www.sport28.fr\/wp-content\/uploads\/2025\/09\/1.png 1080w\" sizes=\"(max-width: 240px) 100vw, 240px\" \/>\t\t\t\t\t\t\t\t\t\t\t\t\t\t\t<\/div>\n\t\t\t\t<\/div>\n\t\t\t\t<\/div>\n\t\t<div class=\"elementor-element elementor-element-0d73a4b e-con-full e-flex e-con e-child\" data-id=\"0d73a4b\" data-element_type=\"container\" data-e-type=\"container\">\n\t\t\t\t<div class=\"elementor-element elementor-element-726e2b6 elementor-widget elementor-widget-text-editor\" data-id=\"726e2b6\" data-element_type=\"widget\" data-e-type=\"widget\" data-widget_type=\"text-editor.default\">\n\t\t\t\t<div class=\"elementor-widget-container\">\n\t\t\t\t\t\t\t\t\t<p><strong>Imane BAKHTI<\/strong>\u00a0<\/p><p>P\u00f4le Sport, \u00c9ducation et Citoyennet\u00e9 et p\u00f4le Sport et Professionnalisation<\/p><p>Eureetloir@franceolympique.com<\/p><p>06-37-17-88-71<\/p>\t\t\t\t\t\t\t\t<\/div>\n\t\t\t\t<\/div>\n\t\t\t\t<\/div>\n\t\t<div class=\"elementor-element elementor-element-914d1de e-con-full e-flex e-con e-child\" data-id=\"914d1de\" data-element_type=\"container\" data-e-type=\"container\">\n\t\t\t\t<div class=\"elementor-element elementor-element-ae004d9 elementor-widget elementor-widget-text-editor\" data-id=\"ae004d9\" data-element_type=\"widget\" data-e-type=\"widget\" data-widget_type=\"text-editor.default\">\n\t\t\t\t<div class=\"elementor-widget-container\">\n\t\t\t\t\t\t\t\t\t<p><strong>Agathe DELOINCE<\/strong>\u00a0<\/p><p>P\u00f4le Sport sant\u00e9 et p\u00f4le sport et politiques publiques\u00a0<\/p><p>Territoires.eureetloir@franceolympique.com<\/p><p>07-66-57-05-77<\/p>\t\t\t\t\t\t\t\t<\/div>\n\t\t\t\t<\/div>\n\t\t\t\t<\/div>\n\t\t\t\t\t<\/div>\n\t\t\t\t<\/div>\n\t\t<div class=\"elementor-element elementor-element-a5bc643 e-flex e-con-boxed e-con e-parent\" data-id=\"a5bc643\" data-element_type=\"container\" data-e-type=\"container\">\n\t\t\t\t\t<div class=\"e-con-inner\">\n\t\t\t\t<div class=\"elementor-element elementor-element-328700a elementor-widget-divider--view-line elementor-widget elementor-widget-divider\" data-id=\"328700a\" data-element_type=\"widget\" data-e-type=\"widget\" data-widget_type=\"divider.default\">\n\t\t\t\t<div class=\"elementor-widget-container\">\n\t\t\t\t\t\t\t<div class=\"elementor-divider\">\n\t\t\t<span class=\"elementor-divider-separator\">\n\t\t\t\t\t\t<\/span>\n\t\t<\/div>\n\t\t\t\t\t\t<\/div>\n\t\t\t\t<\/div>\n\t\t\t\t\t<\/div>\n\t\t\t\t<\/div>\n\t\t\t\t<\/div>\n\t\t","protected":false},"excerpt":{"rendered":"<p>Imane BAKHTI\u00a0 P\u00f4le Sport, \u00c9ducation et Citoyennet\u00e9 et p\u00f4le Sport et Professionnalisation Eureetloir@franceolympique.com 06-37-17-88-71 Agathe DELOINCE\u00a0 P\u00f4le Sport sant\u00e9 et p\u00f4le sport et politiques publiques\u00a0 Territoires.eureetloir@franceolympique.com 07-66-57-05-77<\/p>\n","protected":false},"author":1,"featured_media":0,"parent":0,"menu_order":0,"comment_status":"closed","ping_status":"closed","template":"","meta":{"footnotes":""},"class_list":["post-33","page","type-page","status-publish","hentry"],"yoast_head":"<!-- This site is optimized with the Yoast SEO plugin v27.5 - https:\/\/yoast.com\/product\/yoast-seo-wordpress\/ -->\n<title>Les salari\u00e9s - CDOS 28<\/title>\n<meta name=\"robots\" content=\"index, follow, max-snippet:-1, max-image-preview:large, max-video-preview:-1\" \/>\n<link rel=\"canonical\" href=\"https:\/\/www.sport28.fr\/index.php\/equipe-technique\/\" \/>\n<meta property=\"og:locale\" content=\"fr_FR\" \/>\n<meta property=\"og:type\" content=\"article\" \/>\n<meta property=\"og:title\" content=\"Les salari\u00e9s - CDOS 28\" \/>\n<meta property=\"og:description\" content=\"Imane BAKHTI\u00a0 P\u00f4le Sport, \u00c9ducation et Citoyennet\u00e9 et p\u00f4le Sport et Professionnalisation Eureetloir@franceolympique.com 06-37-17-88-71 Agathe DELOINCE\u00a0 P\u00f4le Sport sant\u00e9 et p\u00f4le sport et politiques publiques\u00a0 Territoires.eureetloir@franceolympique.com 07-66-57-05-77\" \/>\n<meta property=\"og:url\" content=\"https:\/\/www.sport28.fr\/index.php\/equipe-technique\/\" \/>\n<meta property=\"og:site_name\" content=\"CDOS 28\" \/>\n<meta property=\"article:publisher\" content=\"https:\/\/www.facebook.com\/CDOS28?locale=fr_FR\" \/>\n<meta property=\"article:modified_time\" content=\"2025-09-17T12:58:41+00:00\" \/>\n<meta property=\"og:image\" content=\"https:\/\/www.sport28.fr\/wp-content\/uploads\/2025\/07\/Design-sans-titre-13.png\" \/>\n\t<meta property=\"og:image:width\" content=\"1080\" \/>\n\t<meta property=\"og:image:height\" content=\"1350\" \/>\n\t<meta property=\"og:image:type\" content=\"image\/png\" \/>\n<meta name=\"twitter:card\" content=\"summary_large_image\" \/>\n<meta name=\"twitter:label1\" content=\"Dur\u00e9e de lecture estim\u00e9e\" \/>\n\t<meta name=\"twitter:data1\" content=\"1 minute\" \/>\n<script type=\"application\/ld+json\" class=\"yoast-schema-graph\">{\"@context\":\"https:\\\/\\\/schema.org\",\"@graph\":[{\"@type\":\"WebPage\",\"@id\":\"https:\\\/\\\/www.sport28.fr\\\/index.php\\\/equipe-technique\\\/\",\"url\":\"https:\\\/\\\/www.sport28.fr\\\/index.php\\\/equipe-technique\\\/\",\"name\":\"Les salari\u00e9s - CDOS 28\",\"isPartOf\":{\"@id\":\"https:\\\/\\\/www.sport28.fr\\\/#website\"},\"primaryImageOfPage\":{\"@id\":\"https:\\\/\\\/www.sport28.fr\\\/index.php\\\/equipe-technique\\\/#primaryimage\"},\"image\":{\"@id\":\"https:\\\/\\\/www.sport28.fr\\\/index.php\\\/equipe-technique\\\/#primaryimage\"},\"thumbnailUrl\":\"https:\\\/\\\/www.sport28.fr\\\/wp-content\\\/uploads\\\/2025\\\/07\\\/Design-sans-titre-13-240x300.png\",\"datePublished\":\"2023-10-02T18:57:53+00:00\",\"dateModified\":\"2025-09-17T12:58:41+00:00\",\"breadcrumb\":{\"@id\":\"https:\\\/\\\/www.sport28.fr\\\/index.php\\\/equipe-technique\\\/#breadcrumb\"},\"inLanguage\":\"fr-FR\",\"potentialAction\":[{\"@type\":\"ReadAction\",\"target\":[\"https:\\\/\\\/www.sport28.fr\\\/index.php\\\/equipe-technique\\\/\"]}]},{\"@type\":\"ImageObject\",\"inLanguage\":\"fr-FR\",\"@id\":\"https:\\\/\\\/www.sport28.fr\\\/index.php\\\/equipe-technique\\\/#primaryimage\",\"url\":\"https:\\\/\\\/www.sport28.fr\\\/wp-content\\\/uploads\\\/2025\\\/07\\\/Design-sans-titre-13.png\",\"contentUrl\":\"https:\\\/\\\/www.sport28.fr\\\/wp-content\\\/uploads\\\/2025\\\/07\\\/Design-sans-titre-13.png\",\"width\":1080,\"height\":1350},{\"@type\":\"BreadcrumbList\",\"@id\":\"https:\\\/\\\/www.sport28.fr\\\/index.php\\\/equipe-technique\\\/#breadcrumb\",\"itemListElement\":[{\"@type\":\"ListItem\",\"position\":1,\"name\":\"Accueil\",\"item\":\"https:\\\/\\\/www.sport28.fr\\\/\"},{\"@type\":\"ListItem\",\"position\":2,\"name\":\"Les salari\u00e9s\"}]},{\"@type\":\"WebSite\",\"@id\":\"https:\\\/\\\/www.sport28.fr\\\/#website\",\"url\":\"https:\\\/\\\/www.sport28.fr\\\/\",\"name\":\"CDOS 28\",\"description\":\"Comit\u00e9 D\u00e9partementale Olympique et Sportif d&#039;Eure et Loir\",\"publisher\":{\"@id\":\"https:\\\/\\\/www.sport28.fr\\\/#organization\"},\"potentialAction\":[{\"@type\":\"SearchAction\",\"target\":{\"@type\":\"EntryPoint\",\"urlTemplate\":\"https:\\\/\\\/www.sport28.fr\\\/?s={search_term_string}\"},\"query-input\":{\"@type\":\"PropertyValueSpecification\",\"valueRequired\":true,\"valueName\":\"search_term_string\"}}],\"inLanguage\":\"fr-FR\"},{\"@type\":\"Organization\",\"@id\":\"https:\\\/\\\/www.sport28.fr\\\/#organization\",\"name\":\"Comit\u00e9 d\u00e9partemental olympique et sportif d'eure-et-loir\",\"alternateName\":\"cdos 28\",\"url\":\"https:\\\/\\\/www.sport28.fr\\\/\",\"logo\":{\"@type\":\"ImageObject\",\"inLanguage\":\"fr-FR\",\"@id\":\"https:\\\/\\\/www.sport28.fr\\\/#\\\/schema\\\/logo\\\/image\\\/\",\"url\":\"https:\\\/\\\/www.sport28.fr\\\/wp-content\\\/uploads\\\/2023\\\/10\\\/cdos_eure_et_loir_logo.jpg\",\"contentUrl\":\"https:\\\/\\\/www.sport28.fr\\\/wp-content\\\/uploads\\\/2023\\\/10\\\/cdos_eure_et_loir_logo.jpg\",\"width\":1000,\"height\":1000,\"caption\":\"Comit\u00e9 d\u00e9partemental olympique et sportif d'eure-et-loir\"},\"image\":{\"@id\":\"https:\\\/\\\/www.sport28.fr\\\/#\\\/schema\\\/logo\\\/image\\\/\"},\"sameAs\":[\"https:\\\/\\\/www.facebook.com\\\/CDOS28?locale=fr_FR\"]}]}<\/script>\n<!-- \/ Yoast SEO plugin. -->","yoast_head_json":{"title":"Les salari\u00e9s - CDOS 28","robots":{"index":"index","follow":"follow","max-snippet":"max-snippet:-1","max-image-preview":"max-image-preview:large","max-video-preview":"max-video-preview:-1"},"canonical":"https:\/\/www.sport28.fr\/index.php\/equipe-technique\/","og_locale":"fr_FR","og_type":"article","og_title":"Les salari\u00e9s - CDOS 28","og_description":"Imane BAKHTI\u00a0 P\u00f4le Sport, \u00c9ducation et Citoyennet\u00e9 et p\u00f4le Sport et Professionnalisation Eureetloir@franceolympique.com 06-37-17-88-71 Agathe DELOINCE\u00a0 P\u00f4le Sport sant\u00e9 et p\u00f4le sport et politiques publiques\u00a0 Territoires.eureetloir@franceolympique.com 07-66-57-05-77","og_url":"https:\/\/www.sport28.fr\/index.php\/equipe-technique\/","og_site_name":"CDOS 28","article_publisher":"https:\/\/www.facebook.com\/CDOS28?locale=fr_FR","article_modified_time":"2025-09-17T12:58:41+00:00","og_image":[{"width":1080,"height":1350,"url":"https:\/\/www.sport28.fr\/wp-content\/uploads\/2025\/07\/Design-sans-titre-13.png","type":"image\/png"}],"twitter_card":"summary_large_image","twitter_misc":{"Dur\u00e9e de lecture estim\u00e9e":"1 minute"},"schema":{"@context":"https:\/\/schema.org","@graph":[{"@type":"WebPage","@id":"https:\/\/www.sport28.fr\/index.php\/equipe-technique\/","url":"https:\/\/www.sport28.fr\/index.php\/equipe-technique\/","name":"Les salari\u00e9s - CDOS 28","isPartOf":{"@id":"https:\/\/www.sport28.fr\/#website"},"primaryImageOfPage":{"@id":"https:\/\/www.sport28.fr\/index.php\/equipe-technique\/#primaryimage"},"image":{"@id":"https:\/\/www.sport28.fr\/index.php\/equipe-technique\/#primaryimage"},"thumbnailUrl":"https:\/\/www.sport28.fr\/wp-content\/uploads\/2025\/07\/Design-sans-titre-13-240x300.png","datePublished":"2023-10-02T18:57:53+00:00","dateModified":"2025-09-17T12:58:41+00:00","breadcrumb":{"@id":"https:\/\/www.sport28.fr\/index.php\/equipe-technique\/#breadcrumb"},"inLanguage":"fr-FR","potentialAction":[{"@type":"ReadAction","target":["https:\/\/www.sport28.fr\/index.php\/equipe-technique\/"]}]},{"@type":"ImageObject","inLanguage":"fr-FR","@id":"https:\/\/www.sport28.fr\/index.php\/equipe-technique\/#primaryimage","url":"https:\/\/www.sport28.fr\/wp-content\/uploads\/2025\/07\/Design-sans-titre-13.png","contentUrl":"https:\/\/www.sport28.fr\/wp-content\/uploads\/2025\/07\/Design-sans-titre-13.png","width":1080,"height":1350},{"@type":"BreadcrumbList","@id":"https:\/\/www.sport28.fr\/index.php\/equipe-technique\/#breadcrumb","itemListElement":[{"@type":"ListItem","position":1,"name":"Accueil","item":"https:\/\/www.sport28.fr\/"},{"@type":"ListItem","position":2,"name":"Les salari\u00e9s"}]},{"@type":"WebSite","@id":"https:\/\/www.sport28.fr\/#website","url":"https:\/\/www.sport28.fr\/","name":"CDOS 28","description":"Comit\u00e9 D\u00e9partementale Olympique et Sportif d&#039;Eure et Loir","publisher":{"@id":"https:\/\/www.sport28.fr\/#organization"},"potentialAction":[{"@type":"SearchAction","target":{"@type":"EntryPoint","urlTemplate":"https:\/\/www.sport28.fr\/?s={search_term_string}"},"query-input":{"@type":"PropertyValueSpecification","valueRequired":true,"valueName":"search_term_string"}}],"inLanguage":"fr-FR"},{"@type":"Organization","@id":"https:\/\/www.sport28.fr\/#organization","name":"Comit\u00e9 d\u00e9partemental olympique et sportif d'eure-et-loir","alternateName":"cdos 28","url":"https:\/\/www.sport28.fr\/","logo":{"@type":"ImageObject","inLanguage":"fr-FR","@id":"https:\/\/www.sport28.fr\/#\/schema\/logo\/image\/","url":"https:\/\/www.sport28.fr\/wp-content\/uploads\/2023\/10\/cdos_eure_et_loir_logo.jpg","contentUrl":"https:\/\/www.sport28.fr\/wp-content\/uploads\/2023\/10\/cdos_eure_et_loir_logo.jpg","width":1000,"height":1000,"caption":"Comit\u00e9 d\u00e9partemental olympique et sportif d'eure-et-loir"},"image":{"@id":"https:\/\/www.sport28.fr\/#\/schema\/logo\/image\/"},"sameAs":["https:\/\/www.facebook.com\/CDOS28?locale=fr_FR"]}]}},"_links":{"self":[{"href":"https:\/\/www.sport28.fr\/index.php\/wp-json\/wp\/v2\/pages\/33","targetHints":{"allow":["GET"]}}],"collection":[{"href":"https:\/\/www.sport28.fr\/index.php\/wp-json\/wp\/v2\/pages"}],"about":[{"href":"https:\/\/www.sport28.fr\/index.php\/wp-json\/wp\/v2\/types\/page"}],"author":[{"embeddable":true,"href":"https:\/\/www.sport28.fr\/index.php\/wp-json\/wp\/v2\/users\/1"}],"replies":[{"embeddable":true,"href":"https:\/\/www.sport28.fr\/index.php\/wp-json\/wp\/v2\/comments?post=33"}],"version-history":[{"count":84,"href":"https:\/\/www.sport28.fr\/index.php\/wp-json\/wp\/v2\/pages\/33\/revisions"}],"predecessor-version":[{"id":4250,"href":"https:\/\/www.sport28.fr\/index.php\/wp-json\/wp\/v2\/pages\/33\/revisions\/4250"}],"wp:attachment":[{"href":"https:\/\/www.sport28.fr\/index.php\/wp-json\/wp\/v2\/media?parent=33"}],"curies":[{"name":"wp","href":"https:\/\/api.w.org\/{rel}","templated":true}]}}