{"id":1488,"date":"2023-11-14T12:33:35","date_gmt":"2023-11-14T11:33:35","guid":{"rendered":"http:\/\/www.dev.sport28.fr\/?page_id=1488"},"modified":"2025-01-03T12:08:29","modified_gmt":"2025-01-03T11:08:29","slug":"les-temps-forts-de-lolympisme","status":"publish","type":"page","link":"https:\/\/www.sport28.fr\/index.php\/les-temps-forts-de-lolympisme\/","title":{"rendered":"Les temps forts de l\u2019Olympisme"},"content":{"rendered":"\t\t<div data-elementor-type=\"wp-page\" data-elementor-id=\"1488\" class=\"elementor elementor-1488\" data-elementor-post-type=\"page\">\n\t\t\t\t<div class=\"elementor-element elementor-element-22bd645b e-con-full e-flex e-con e-parent\" data-id=\"22bd645b\" data-element_type=\"container\" data-e-type=\"container\" data-settings=\"{&quot;background_background&quot;:&quot;classic&quot;}\">\n\t\t<div class=\"elementor-element elementor-element-5fc399c0 e-con-full e-flex e-con e-child\" data-id=\"5fc399c0\" data-element_type=\"container\" data-e-type=\"container\">\n\t\t\t\t<div class=\"elementor-element elementor-element-43835da4 animated-slow elementor-invisible elementor-widget elementor-widget-heading\" data-id=\"43835da4\" data-element_type=\"widget\" data-e-type=\"widget\" data-settings=\"{&quot;_animation&quot;:&quot;slideInUp&quot;}\" data-widget_type=\"heading.default\">\n\t\t\t\t<div class=\"elementor-widget-container\">\n\t\t\t\t\t<h2 class=\"elementor-heading-title elementor-size-default\">Promotion de l'olympisme<\/h2>\t\t\t\t<\/div>\n\t\t\t\t<\/div>\n\t\t\t\t<\/div>\n\t\t<div class=\"elementor-element elementor-element-3fa5e78e e-con-full e-flex e-con e-child\" data-id=\"3fa5e78e\" data-element_type=\"container\" data-e-type=\"container\">\n\t\t<div class=\"elementor-element elementor-element-3b24ae69 animated-slow e-con-full e-flex elementor-invisible e-con e-child\" data-id=\"3b24ae69\" data-element_type=\"container\" data-e-type=\"container\" data-settings=\"{&quot;animation&quot;:&quot;fadeInUp&quot;,&quot;animation_delay&quot;:150}\">\n\t\t<div class=\"elementor-element elementor-element-13cff5e7 e-con-full e-flex e-con e-child\" data-id=\"13cff5e7\" data-element_type=\"container\" data-e-type=\"container\">\n\t\t\t\t<div class=\"elementor-element elementor-element-7004149e elementor-widget elementor-widget-image\" data-id=\"7004149e\" data-element_type=\"widget\" data-e-type=\"widget\" data-widget_type=\"image.default\">\n\t\t\t\t<div class=\"elementor-widget-container\">\n\t\t\t\t\t\t\t\t\t\t\t\t\t\t\t<img fetchpriority=\"high\" decoding=\"async\" width=\"291\" height=\"173\" src=\"https:\/\/www.sport28.fr\/wp-content\/uploads\/2023\/11\/telechargement-1.png\" class=\"attachment-large size-large wp-image-1495\" alt=\"\" \/>\t\t\t\t\t\t\t\t\t\t\t\t\t\t\t<\/div>\n\t\t\t\t<\/div>\n\t\t\t\t<\/div>\n\t\t\t\t<div class=\"elementor-element elementor-element-49e0e538 elementor-cta--layout-image-left elementor-cta--skin-classic elementor-animated-content elementor-bg-transform elementor-bg-transform-zoom-in elementor-widget elementor-widget-call-to-action\" data-id=\"49e0e538\" data-element_type=\"widget\" data-e-type=\"widget\" data-widget_type=\"call-to-action.default\">\n\t\t\t\t<div class=\"elementor-widget-container\">\n\t\t\t\t\t\t\t<div class=\"elementor-cta\">\n\t\t\t\t\t\t\t<div class=\"elementor-cta__content\">\n\t\t\t\t\n\t\t\t\t\t\t\t\t\t<h2 class=\"elementor-cta__title elementor-cta__content-item elementor-content-item\">\n\t\t\t\t\t\t<br><br>semaine olympique et paralympique \t\t\t\t\t<\/h2>\n\t\t\t\t\n\t\t\t\t\t\t\t\t\t<div class=\"elementor-cta__description elementor-cta__content-item elementor-content-item\">\n\t\t\t\t\t\tEn avril\u00a0: Chaque ann\u00e9e, la Semaine Olympique et Paralympique (SOP) assure la promotion de la pratique sportive chez les jeunes et mobilise la communaut\u00e9 \u00e9ducative autour des valeurs citoyennes et sportives inscrites dans l\u2019ADN de l\u2019Olympisme et du Paralympisme\t\t\t\t\t<\/div>\n\t\t\t\t\n\t\t\t\t\t\t\t\t\t<div class=\"elementor-cta__button-wrapper elementor-cta__content-item elementor-content-item \">\n\t\t\t\t\t<a class=\"elementor-cta__button elementor-button elementor-size-\" href=\"https:\/\/generation2024.franceolympique.com\/edition-2024\" target=\"_blank\">\n\t\t\t\t\t\tvoir plus\t\t\t\t\t<\/a>\n\t\t\t\t\t<\/div>\n\t\t\t\t\t\t\t<\/div>\n\t\t\t\t\t\t<\/div>\n\t\t\t\t\t\t<\/div>\n\t\t\t\t<\/div>\n\t\t\t\t<\/div>\n\t\t<div class=\"elementor-element elementor-element-6babcf5d animated-slow e-con-full e-flex elementor-invisible e-con e-child\" data-id=\"6babcf5d\" data-element_type=\"container\" data-e-type=\"container\" data-settings=\"{&quot;animation&quot;:&quot;fadeInUp&quot;,&quot;animation_delay&quot;:300}\">\n\t\t<div class=\"elementor-element elementor-element-c19abc7 e-con-full e-flex e-con e-child\" data-id=\"c19abc7\" data-element_type=\"container\" data-e-type=\"container\">\n\t\t\t\t<div class=\"elementor-element elementor-element-29293c2b elementor-widget elementor-widget-image\" data-id=\"29293c2b\" data-element_type=\"widget\" data-e-type=\"widget\" data-widget_type=\"image.default\">\n\t\t\t\t<div class=\"elementor-widget-container\">\n\t\t\t\t\t\t\t\t\t\t\t\t\t\t\t<img decoding=\"async\" width=\"261\" height=\"193\" src=\"https:\/\/www.sport28.fr\/wp-content\/uploads\/2023\/11\/telechargement-2.png\" class=\"attachment-large size-large wp-image-1494\" alt=\"\" \/>\t\t\t\t\t\t\t\t\t\t\t\t\t\t\t<\/div>\n\t\t\t\t<\/div>\n\t\t\t\t<\/div>\n\t\t\t\t<div class=\"elementor-element elementor-element-62fe98d8 elementor-cta--layout-image-left elementor-cta--skin-classic elementor-animated-content elementor-bg-transform elementor-bg-transform-zoom-in elementor-widget elementor-widget-call-to-action\" data-id=\"62fe98d8\" data-element_type=\"widget\" data-e-type=\"widget\" data-widget_type=\"call-to-action.default\">\n\t\t\t\t<div class=\"elementor-widget-container\">\n\t\t\t\t\t\t\t<div class=\"elementor-cta\">\n\t\t\t\t\t\t\t<div class=\"elementor-cta__content\">\n\t\t\t\t\n\t\t\t\t\t\t\t\t\t<h2 class=\"elementor-cta__title elementor-cta__content-item elementor-content-item\">\n\t\t\t\t\t\tjourn\u00e9e olympique et paralympique\t\t\t\t\t<\/h2>\n\t\t\t\t\n\t\t\t\t\t\t\t\t\t<div class=\"elementor-cta__description elementor-cta__content-item elementor-content-item\">\n\t\t\t\t\t\tEn juin\u00a0: Chaque 23 juin, partout dans le monde, la Journ\u00e9e Olympique c\u00e9l\u00e8bre les valeurs olympiques et le pouvoir du sport pour nous rassembler, nous faire bouger et partager des \u00e9motions\t\t\t\t\t<\/div>\n\t\t\t\t\n\t\t\t\t\t\t\t\t\t<div class=\"elementor-cta__button-wrapper elementor-cta__content-item elementor-content-item \">\n\t\t\t\t\t<a class=\"elementor-cta__button elementor-button elementor-size-\" href=\"https:\/\/www.education.gouv.fr\/23-juin-journee-olympique-et-paralympique-12053#:~:text=La%20Journ%C3%A9e%20olympique%20et%20paralympique,bouger%2C%20apprendre%20et%20d%C3%A9couvrir%22.\" target=\"_blank\">\n\t\t\t\t\t\tvoir plus\t\t\t\t\t<\/a>\n\t\t\t\t\t<\/div>\n\t\t\t\t\t\t\t<\/div>\n\t\t\t\t\t\t<\/div>\n\t\t\t\t\t\t<\/div>\n\t\t\t\t<\/div>\n\t\t\t\t<\/div>\n\t\t<div class=\"elementor-element elementor-element-7d2ba8d2 animated-slow e-con-full e-flex elementor-invisible e-con e-child\" data-id=\"7d2ba8d2\" data-element_type=\"container\" data-e-type=\"container\" data-settings=\"{&quot;animation&quot;:&quot;fadeInUp&quot;,&quot;animation_delay&quot;:600}\">\n\t\t<div class=\"elementor-element elementor-element-6dfa5794 e-con-full e-flex e-con e-child\" data-id=\"6dfa5794\" data-element_type=\"container\" data-e-type=\"container\">\n\t\t\t\t<div class=\"elementor-element elementor-element-7862cf9b elementor-widget elementor-widget-image\" data-id=\"7862cf9b\" data-element_type=\"widget\" data-e-type=\"widget\" data-widget_type=\"image.default\">\n\t\t\t\t<div class=\"elementor-widget-container\">\n\t\t\t\t\t\t\t\t\t\t\t\t\t\t\t<img decoding=\"async\" width=\"800\" height=\"692\" src=\"https:\/\/www.sport28.fr\/wp-content\/uploads\/2023\/11\/JNSS-1024x886.png\" class=\"attachment-large size-large wp-image-1493\" alt=\"\" srcset=\"https:\/\/www.sport28.fr\/wp-content\/uploads\/2023\/11\/JNSS-1024x886.png 1024w, https:\/\/www.sport28.fr\/wp-content\/uploads\/2023\/11\/JNSS-300x260.png 300w, https:\/\/www.sport28.fr\/wp-content\/uploads\/2023\/11\/JNSS-768x665.png 768w, https:\/\/www.sport28.fr\/wp-content\/uploads\/2023\/11\/JNSS-1536x1329.png 1536w, https:\/\/www.sport28.fr\/wp-content\/uploads\/2023\/11\/JNSS-2048x1772.png 2048w\" sizes=\"(max-width: 800px) 100vw, 800px\" \/>\t\t\t\t\t\t\t\t\t\t\t\t\t\t\t<\/div>\n\t\t\t\t<\/div>\n\t\t\t\t<\/div>\n\t\t\t\t<div class=\"elementor-element elementor-element-1aae038f elementor-cta--layout-image-left elementor-cta--skin-classic elementor-animated-content elementor-bg-transform elementor-bg-transform-zoom-in elementor-widget elementor-widget-call-to-action\" data-id=\"1aae038f\" data-element_type=\"widget\" data-e-type=\"widget\" data-widget_type=\"call-to-action.default\">\n\t\t\t\t<div class=\"elementor-widget-container\">\n\t\t\t\t\t\t\t<div class=\"elementor-cta\">\n\t\t\t\t\t\t\t<div class=\"elementor-cta__content\">\n\t\t\t\t\n\t\t\t\t\t\t\t\t\t<h2 class=\"elementor-cta__title elementor-cta__content-item elementor-content-item\">\n\t\t\t\t\t\tJourn\u00e9e nationale du sport scolaire\t\t\t\t\t<\/h2>\n\t\t\t\t\n\t\t\t\t\t\t\t\t\t<div class=\"elementor-cta__description elementor-cta__content-item elementor-content-item\">\n\t\t\t\t\t\tEn septembre\u00a0: La journ\u00e9e nationale du sport scolaire met en valeur les activit\u00e9s propos\u00e9es par les associations et f\u00e9d\u00e9rations sportives scolaires aupr\u00e8s des \u00e9l\u00e8ves, \u00e9quipes \u00e9ducatives et parents\t\t\t\t\t<\/div>\n\t\t\t\t\n\t\t\t\t\t\t\t\t\t<div class=\"elementor-cta__button-wrapper elementor-cta__content-item elementor-content-item \">\n\t\t\t\t\t<a class=\"elementor-cta__button elementor-button elementor-size-\" href=\"https:\/\/www.education.gouv.fr\/journee-nationale-du-sport-scolaire-5423\" target=\"_blank\">\n\t\t\t\t\t\tvoir plus\t\t\t\t\t<\/a>\n\t\t\t\t\t<\/div>\n\t\t\t\t\t\t\t<\/div>\n\t\t\t\t\t\t<\/div>\n\t\t\t\t\t\t<\/div>\n\t\t\t\t<\/div>\n\t\t\t\t<\/div>\n\t\t\t\t<\/div>\n\t\t\t\t<\/div>\n\t\t\t\t<\/div>\n\t\t","protected":false},"excerpt":{"rendered":"<p>Promotion de l&rsquo;olympisme semaine olympique et paralympique En avril\u00a0: Chaque ann\u00e9e, la Semaine Olympique et Paralympique (SOP) assure la promotion de la pratique sportive chez les jeunes et mobilise la [&hellip;]<\/p>\n","protected":false},"author":1,"featured_media":0,"parent":0,"menu_order":0,"comment_status":"closed","ping_status":"closed","template":"page-templates\/template-pagebuilder-full-width.php","meta":{"footnotes":""},"class_list":["post-1488","page","type-page","status-publish","hentry"],"yoast_head":"<!-- This site is optimized with the Yoast SEO plugin v27.5 - https:\/\/yoast.com\/product\/yoast-seo-wordpress\/ -->\n<title>Les temps forts de l\u2019Olympisme - CDOS 28<\/title>\n<meta name=\"robots\" content=\"index, follow, max-snippet:-1, max-image-preview:large, max-video-preview:-1\" \/>\n<link rel=\"canonical\" href=\"https:\/\/www.sport28.fr\/index.php\/les-temps-forts-de-lolympisme\/\" \/>\n<meta property=\"og:locale\" content=\"fr_FR\" \/>\n<meta property=\"og:type\" content=\"article\" \/>\n<meta property=\"og:title\" content=\"Les temps forts de l\u2019Olympisme - CDOS 28\" \/>\n<meta property=\"og:description\" content=\"Promotion de l&rsquo;olympisme semaine olympique et paralympique En avril\u00a0: Chaque ann\u00e9e, la Semaine Olympique et Paralympique (SOP) assure la promotion de la pratique sportive chez les jeunes et mobilise la [&hellip;]\" \/>\n<meta property=\"og:url\" content=\"https:\/\/www.sport28.fr\/index.php\/les-temps-forts-de-lolympisme\/\" \/>\n<meta property=\"og:site_name\" content=\"CDOS 28\" \/>\n<meta property=\"article:publisher\" content=\"https:\/\/www.facebook.com\/CDOS28?locale=fr_FR\" \/>\n<meta property=\"article:modified_time\" content=\"2025-01-03T11:08:29+00:00\" \/>\n<meta property=\"og:image\" content=\"https:\/\/www.sport28.fr\/wp-content\/uploads\/2023\/11\/telechargement-1.png\" \/>\n\t<meta property=\"og:image:width\" content=\"291\" \/>\n\t<meta property=\"og:image:height\" content=\"173\" \/>\n\t<meta property=\"og:image:type\" content=\"image\/png\" \/>\n<meta name=\"twitter:card\" content=\"summary_large_image\" \/>\n<meta name=\"twitter:label1\" content=\"Dur\u00e9e de lecture estim\u00e9e\" \/>\n\t<meta name=\"twitter:data1\" content=\"2 minutes\" \/>\n<script type=\"application\/ld+json\" class=\"yoast-schema-graph\">{\"@context\":\"https:\\\/\\\/schema.org\",\"@graph\":[{\"@type\":\"WebPage\",\"@id\":\"https:\\\/\\\/www.sport28.fr\\\/index.php\\\/les-temps-forts-de-lolympisme\\\/\",\"url\":\"https:\\\/\\\/www.sport28.fr\\\/index.php\\\/les-temps-forts-de-lolympisme\\\/\",\"name\":\"Les temps forts de l\u2019Olympisme - CDOS 28\",\"isPartOf\":{\"@id\":\"https:\\\/\\\/www.sport28.fr\\\/#website\"},\"primaryImageOfPage\":{\"@id\":\"https:\\\/\\\/www.sport28.fr\\\/index.php\\\/les-temps-forts-de-lolympisme\\\/#primaryimage\"},\"image\":{\"@id\":\"https:\\\/\\\/www.sport28.fr\\\/index.php\\\/les-temps-forts-de-lolympisme\\\/#primaryimage\"},\"thumbnailUrl\":\"https:\\\/\\\/www.sport28.fr\\\/wp-content\\\/uploads\\\/2023\\\/11\\\/telechargement-1.png\",\"datePublished\":\"2023-11-14T11:33:35+00:00\",\"dateModified\":\"2025-01-03T11:08:29+00:00\",\"breadcrumb\":{\"@id\":\"https:\\\/\\\/www.sport28.fr\\\/index.php\\\/les-temps-forts-de-lolympisme\\\/#breadcrumb\"},\"inLanguage\":\"fr-FR\",\"potentialAction\":[{\"@type\":\"ReadAction\",\"target\":[\"https:\\\/\\\/www.sport28.fr\\\/index.php\\\/les-temps-forts-de-lolympisme\\\/\"]}]},{\"@type\":\"ImageObject\",\"inLanguage\":\"fr-FR\",\"@id\":\"https:\\\/\\\/www.sport28.fr\\\/index.php\\\/les-temps-forts-de-lolympisme\\\/#primaryimage\",\"url\":\"https:\\\/\\\/www.sport28.fr\\\/wp-content\\\/uploads\\\/2023\\\/11\\\/telechargement-1.png\",\"contentUrl\":\"https:\\\/\\\/www.sport28.fr\\\/wp-content\\\/uploads\\\/2023\\\/11\\\/telechargement-1.png\",\"width\":291,\"height\":173},{\"@type\":\"BreadcrumbList\",\"@id\":\"https:\\\/\\\/www.sport28.fr\\\/index.php\\\/les-temps-forts-de-lolympisme\\\/#breadcrumb\",\"itemListElement\":[{\"@type\":\"ListItem\",\"position\":1,\"name\":\"Accueil\",\"item\":\"https:\\\/\\\/www.sport28.fr\\\/\"},{\"@type\":\"ListItem\",\"position\":2,\"name\":\"Les temps forts de l\u2019Olympisme\"}]},{\"@type\":\"WebSite\",\"@id\":\"https:\\\/\\\/www.sport28.fr\\\/#website\",\"url\":\"https:\\\/\\\/www.sport28.fr\\\/\",\"name\":\"CDOS 28\",\"description\":\"Comit\u00e9 D\u00e9partementale Olympique et Sportif d&#039;Eure et Loir\",\"publisher\":{\"@id\":\"https:\\\/\\\/www.sport28.fr\\\/#organization\"},\"potentialAction\":[{\"@type\":\"SearchAction\",\"target\":{\"@type\":\"EntryPoint\",\"urlTemplate\":\"https:\\\/\\\/www.sport28.fr\\\/?s={search_term_string}\"},\"query-input\":{\"@type\":\"PropertyValueSpecification\",\"valueRequired\":true,\"valueName\":\"search_term_string\"}}],\"inLanguage\":\"fr-FR\"},{\"@type\":\"Organization\",\"@id\":\"https:\\\/\\\/www.sport28.fr\\\/#organization\",\"name\":\"Comit\u00e9 d\u00e9partemental olympique et sportif d'eure-et-loir\",\"alternateName\":\"cdos 28\",\"url\":\"https:\\\/\\\/www.sport28.fr\\\/\",\"logo\":{\"@type\":\"ImageObject\",\"inLanguage\":\"fr-FR\",\"@id\":\"https:\\\/\\\/www.sport28.fr\\\/#\\\/schema\\\/logo\\\/image\\\/\",\"url\":\"https:\\\/\\\/www.sport28.fr\\\/wp-content\\\/uploads\\\/2023\\\/10\\\/cdos_eure_et_loir_logo.jpg\",\"contentUrl\":\"https:\\\/\\\/www.sport28.fr\\\/wp-content\\\/uploads\\\/2023\\\/10\\\/cdos_eure_et_loir_logo.jpg\",\"width\":1000,\"height\":1000,\"caption\":\"Comit\u00e9 d\u00e9partemental olympique et sportif d'eure-et-loir\"},\"image\":{\"@id\":\"https:\\\/\\\/www.sport28.fr\\\/#\\\/schema\\\/logo\\\/image\\\/\"},\"sameAs\":[\"https:\\\/\\\/www.facebook.com\\\/CDOS28?locale=fr_FR\"]}]}<\/script>\n<!-- \/ Yoast SEO plugin. -->","yoast_head_json":{"title":"Les temps forts de l\u2019Olympisme - CDOS 28","robots":{"index":"index","follow":"follow","max-snippet":"max-snippet:-1","max-image-preview":"max-image-preview:large","max-video-preview":"max-video-preview:-1"},"canonical":"https:\/\/www.sport28.fr\/index.php\/les-temps-forts-de-lolympisme\/","og_locale":"fr_FR","og_type":"article","og_title":"Les temps forts de l\u2019Olympisme - CDOS 28","og_description":"Promotion de l&rsquo;olympisme semaine olympique et paralympique En avril\u00a0: Chaque ann\u00e9e, la Semaine Olympique et Paralympique (SOP) assure la promotion de la pratique sportive chez les jeunes et mobilise la [&hellip;]","og_url":"https:\/\/www.sport28.fr\/index.php\/les-temps-forts-de-lolympisme\/","og_site_name":"CDOS 28","article_publisher":"https:\/\/www.facebook.com\/CDOS28?locale=fr_FR","article_modified_time":"2025-01-03T11:08:29+00:00","og_image":[{"width":291,"height":173,"url":"https:\/\/www.sport28.fr\/wp-content\/uploads\/2023\/11\/telechargement-1.png","type":"image\/png"}],"twitter_card":"summary_large_image","twitter_misc":{"Dur\u00e9e de lecture estim\u00e9e":"2 minutes"},"schema":{"@context":"https:\/\/schema.org","@graph":[{"@type":"WebPage","@id":"https:\/\/www.sport28.fr\/index.php\/les-temps-forts-de-lolympisme\/","url":"https:\/\/www.sport28.fr\/index.php\/les-temps-forts-de-lolympisme\/","name":"Les temps forts de l\u2019Olympisme - CDOS 28","isPartOf":{"@id":"https:\/\/www.sport28.fr\/#website"},"primaryImageOfPage":{"@id":"https:\/\/www.sport28.fr\/index.php\/les-temps-forts-de-lolympisme\/#primaryimage"},"image":{"@id":"https:\/\/www.sport28.fr\/index.php\/les-temps-forts-de-lolympisme\/#primaryimage"},"thumbnailUrl":"https:\/\/www.sport28.fr\/wp-content\/uploads\/2023\/11\/telechargement-1.png","datePublished":"2023-11-14T11:33:35+00:00","dateModified":"2025-01-03T11:08:29+00:00","breadcrumb":{"@id":"https:\/\/www.sport28.fr\/index.php\/les-temps-forts-de-lolympisme\/#breadcrumb"},"inLanguage":"fr-FR","potentialAction":[{"@type":"ReadAction","target":["https:\/\/www.sport28.fr\/index.php\/les-temps-forts-de-lolympisme\/"]}]},{"@type":"ImageObject","inLanguage":"fr-FR","@id":"https:\/\/www.sport28.fr\/index.php\/les-temps-forts-de-lolympisme\/#primaryimage","url":"https:\/\/www.sport28.fr\/wp-content\/uploads\/2023\/11\/telechargement-1.png","contentUrl":"https:\/\/www.sport28.fr\/wp-content\/uploads\/2023\/11\/telechargement-1.png","width":291,"height":173},{"@type":"BreadcrumbList","@id":"https:\/\/www.sport28.fr\/index.php\/les-temps-forts-de-lolympisme\/#breadcrumb","itemListElement":[{"@type":"ListItem","position":1,"name":"Accueil","item":"https:\/\/www.sport28.fr\/"},{"@type":"ListItem","position":2,"name":"Les temps forts de l\u2019Olympisme"}]},{"@type":"WebSite","@id":"https:\/\/www.sport28.fr\/#website","url":"https:\/\/www.sport28.fr\/","name":"CDOS 28","description":"Comit\u00e9 D\u00e9partementale Olympique et Sportif d&#039;Eure et Loir","publisher":{"@id":"https:\/\/www.sport28.fr\/#organization"},"potentialAction":[{"@type":"SearchAction","target":{"@type":"EntryPoint","urlTemplate":"https:\/\/www.sport28.fr\/?s={search_term_string}"},"query-input":{"@type":"PropertyValueSpecification","valueRequired":true,"valueName":"search_term_string"}}],"inLanguage":"fr-FR"},{"@type":"Organization","@id":"https:\/\/www.sport28.fr\/#organization","name":"Comit\u00e9 d\u00e9partemental olympique et sportif d'eure-et-loir","alternateName":"cdos 28","url":"https:\/\/www.sport28.fr\/","logo":{"@type":"ImageObject","inLanguage":"fr-FR","@id":"https:\/\/www.sport28.fr\/#\/schema\/logo\/image\/","url":"https:\/\/www.sport28.fr\/wp-content\/uploads\/2023\/10\/cdos_eure_et_loir_logo.jpg","contentUrl":"https:\/\/www.sport28.fr\/wp-content\/uploads\/2023\/10\/cdos_eure_et_loir_logo.jpg","width":1000,"height":1000,"caption":"Comit\u00e9 d\u00e9partemental olympique et sportif d'eure-et-loir"},"image":{"@id":"https:\/\/www.sport28.fr\/#\/schema\/logo\/image\/"},"sameAs":["https:\/\/www.facebook.com\/CDOS28?locale=fr_FR"]}]}},"_links":{"self":[{"href":"https:\/\/www.sport28.fr\/index.php\/wp-json\/wp\/v2\/pages\/1488","targetHints":{"allow":["GET"]}}],"collection":[{"href":"https:\/\/www.sport28.fr\/index.php\/wp-json\/wp\/v2\/pages"}],"about":[{"href":"https:\/\/www.sport28.fr\/index.php\/wp-json\/wp\/v2\/types\/page"}],"author":[{"embeddable":true,"href":"https:\/\/www.sport28.fr\/index.php\/wp-json\/wp\/v2\/users\/1"}],"replies":[{"embeddable":true,"href":"https:\/\/www.sport28.fr\/index.php\/wp-json\/wp\/v2\/comments?post=1488"}],"version-history":[{"count":31,"href":"https:\/\/www.sport28.fr\/index.php\/wp-json\/wp\/v2\/pages\/1488\/revisions"}],"predecessor-version":[{"id":3628,"href":"https:\/\/www.sport28.fr\/index.php\/wp-json\/wp\/v2\/pages\/1488\/revisions\/3628"}],"wp:attachment":[{"href":"https:\/\/www.sport28.fr\/index.php\/wp-json\/wp\/v2\/media?parent=1488"}],"curies":[{"name":"wp","href":"https:\/\/api.w.org\/{rel}","templated":true}]}}