{"id":1112,"date":"2023-10-11T12:00:19","date_gmt":"2023-10-11T10:00:19","guid":{"rendered":"http:\/\/www.dev.sport28.fr\/?page_id=1112"},"modified":"2025-01-03T12:39:58","modified_gmt":"2025-01-03T11:39:58","slug":"la-conference-regionale-des-financeurs-crf","status":"publish","type":"page","link":"https:\/\/www.sport28.fr\/index.php\/la-conference-regionale-des-financeurs-crf\/","title":{"rendered":"La Conf\u00e9rence R\u00e9gionale des Financeurs (CRF)"},"content":{"rendered":"\t\t<div data-elementor-type=\"wp-page\" data-elementor-id=\"1112\" class=\"elementor elementor-1112\" data-elementor-post-type=\"page\">\n\t\t\t\t<div class=\"elementor-element elementor-element-003973a e-flex e-con-boxed e-con e-parent\" data-id=\"003973a\" data-element_type=\"container\" data-e-type=\"container\">\n\t\t\t\t\t<div class=\"e-con-inner\">\n\t\t\t\t\t<\/div>\n\t\t\t\t<\/div>\n\t\t<div class=\"elementor-element elementor-element-46acf08d e-flex e-con-boxed e-con e-parent\" data-id=\"46acf08d\" data-element_type=\"container\" data-e-type=\"container\" data-settings=\"{&quot;background_background&quot;:&quot;classic&quot;}\">\n\t\t\t\t\t<div class=\"e-con-inner\">\n\t\t\t\t<div class=\"elementor-element elementor-element-1834a09d animated-slow elementor-invisible elementor-widget elementor-widget-heading\" data-id=\"1834a09d\" data-element_type=\"widget\" data-e-type=\"widget\" data-settings=\"{&quot;_animation&quot;:&quot;slideInUp&quot;}\" data-widget_type=\"heading.default\">\n\t\t\t\t<div class=\"elementor-widget-container\">\n\t\t\t\t\t<h2 class=\"elementor-heading-title elementor-size-default\">La Conf\u00e9rence R\u00e9gionale des Financeurs<\/h2>\t\t\t\t<\/div>\n\t\t\t\t<\/div>\n\t\t<div class=\"elementor-element elementor-element-10cea1ec e-con-full e-flex e-con e-child\" data-id=\"10cea1ec\" data-element_type=\"container\" data-e-type=\"container\">\n\t\t<div class=\"elementor-element elementor-element-714eae7f animated-slow e-con-full e-flex elementor-invisible e-con e-child\" data-id=\"714eae7f\" data-element_type=\"container\" data-e-type=\"container\" data-settings=\"{&quot;animation&quot;:&quot;fadeInUp&quot;,&quot;animation_delay&quot;:150}\">\n\t\t\t\t<div class=\"elementor-element elementor-element-5c8affdf elementor-vertical-align-top elementor-widget elementor-widget-image-box\" data-id=\"5c8affdf\" data-element_type=\"widget\" data-e-type=\"widget\" data-widget_type=\"image-box.default\">\n\t\t\t\t<div class=\"elementor-widget-container\">\n\t\t\t\t\t<div class=\"elementor-image-box-wrapper\"><div class=\"elementor-image-box-content\"><h3 class=\"elementor-image-box-title\">missions de la crf<\/h3><\/div><\/div>\t\t\t\t<\/div>\n\t\t\t\t<\/div>\n\t\t\t\t<div class=\"elementor-element elementor-element-75510a5d elementor-widget elementor-widget-text-editor\" data-id=\"75510a5d\" data-element_type=\"widget\" data-e-type=\"widget\" data-widget_type=\"text-editor.default\">\n\t\t\t\t<div class=\"elementor-widget-container\">\n\t\t\t\t\t\t\t\t\t<p>\u00ab Art. R. 112-44. \u2013 En vue de la conclusion de contrats pluriannuels d\u2019orientation et de financement, mentionn\u00e9s \u00e0 l\u2019article L. 112-14, chaque conf\u00e9rence des financeurs du sport institu\u00e9e par la conf\u00e9rence r\u00e9gionale du sport,<span>\u00a0<\/span><b>pour le ressort territorial ou pour les domaines dont elle traite<\/b><span>\u00a0<\/span>:<\/p><ul><li><b>D\u00e9finit les seuils de financement<\/b><span>\u00a0<\/span>\u00e0 partir desquels elle examine les projets d\u2019investissement et les projets de fonctionnement qui lui sont soumis pour examen et avis<\/li><li><b>Emet un avis relatif<\/b><span>\u00a0<\/span>\u00e0 la conformit\u00e9 de chaque projet qui lui est soumis aux orientations d\u00e9finies par le projet sportif territorial<\/li><li><b>Identifie les ressources humaines et financi\u00e8res<\/b><span>\u00a0<\/span>et les moyens mat\u00e9riels que les membres de la conf\u00e9rence lui indiquent \u00eatre susceptibles d\u2019\u00eatre mobilis\u00e9s, dans la limite des budgets annuels, en vue d\u2019un contrat d\u2019orientation et de financement.<\/li><li><b>Adopte son r\u00e8glement int\u00e9rieur<\/b><span>\u00a0<\/span>apr\u00e8s avis de la conf\u00e9rence r\u00e9gionale du sport<\/li><\/ul>\t\t\t\t\t\t\t\t<\/div>\n\t\t\t\t<\/div>\n\t\t\t\t<div class=\"elementor-element elementor-element-72b42bfa elementor-align-justify elementor-widget elementor-widget-button\" data-id=\"72b42bfa\" data-element_type=\"widget\" data-e-type=\"widget\" data-widget_type=\"button.default\">\n\t\t\t\t<div class=\"elementor-widget-container\">\n\t\t\t\t\t\t\t\t\t<div class=\"elementor-button-wrapper\">\n\t\t\t\t\t<a class=\"elementor-button elementor-button-link elementor-size-sm\" href=\"https:\/\/ibb.co\/XVMQ1Q8\" target=\"_blank\">\n\t\t\t\t\t\t<span class=\"elementor-button-content-wrapper\">\n\t\t\t\t\t\t\t\t\t<span class=\"elementor-button-text\">Composition de la crf<\/span>\n\t\t\t\t\t<\/span>\n\t\t\t\t\t<\/a>\n\t\t\t\t<\/div>\n\t\t\t\t\t\t\t\t<\/div>\n\t\t\t\t<\/div>\n\t\t\t\t<\/div>\n\t\t<div class=\"elementor-element elementor-element-3f36e37e animated-slow e-con-full e-flex elementor-invisible e-con e-child\" data-id=\"3f36e37e\" data-element_type=\"container\" data-e-type=\"container\" data-settings=\"{&quot;animation&quot;:&quot;fadeInUp&quot;,&quot;animation_delay&quot;:150}\">\n\t\t\t\t<div class=\"elementor-element elementor-element-1d44c4e4 elementor-vertical-align-top elementor-widget elementor-widget-image-box\" data-id=\"1d44c4e4\" data-element_type=\"widget\" data-e-type=\"widget\" data-widget_type=\"image-box.default\">\n\t\t\t\t<div class=\"elementor-widget-container\">\n\t\t\t\t\t<div class=\"elementor-image-box-wrapper\"><div class=\"elementor-image-box-content\"><h3 class=\"elementor-image-box-title\">Premi\u00e8re Assembl\u00e9e Pl\u00e9ni\u00e8re le 7 avril 2022<\/h3><\/div><\/div>\t\t\t\t<\/div>\n\t\t\t\t<\/div>\n\t\t\t\t<div class=\"elementor-element elementor-element-2e82e4f8 elementor-widget elementor-widget-text-editor\" data-id=\"2e82e4f8\" data-element_type=\"widget\" data-e-type=\"widget\" data-widget_type=\"text-editor.default\">\n\t\t\t\t<div class=\"elementor-widget-container\">\n\t\t\t\t\t\t\t\t\t<p>Sous la pr\u00e9sidence de Monsieur<b><span>\u00a0<\/span>Francis Cammal,<\/b><span>\u00a0<\/span>cette premi\u00e8re s\u00e9ance avait pour ordre du jour :<\/p><ul><li>L\u2019organisation de la Conf\u00e9rence R\u00e9gionale des Financeurs en Centre-Val de Loire (composition, validation du r\u00e8glement int\u00e9rieur, organisation de travail)<\/li><li>Un point de cadrage sur les \u00e9l\u00e9ments de la campagne ANS (Agence Nationale du Sport) 2022 (pr\u00e9sentation des enveloppes)<\/li><li>La validation des propositions des commissions techniques d\u2019instruction (Campagne ANS 2022)\u00a0<\/li><li>\u00a0Une quarantaine de personnes (membres et suppl\u00e9ants de la CRF) ont particip\u00e9 activement aux travaux.<\/li><\/ul>\t\t\t\t\t\t\t\t<\/div>\n\t\t\t\t<\/div>\n\t\t\t\t<div class=\"elementor-element elementor-element-61a2f184 elementor-align-justify elementor-widget elementor-widget-button\" data-id=\"61a2f184\" data-element_type=\"widget\" data-e-type=\"widget\" data-widget_type=\"button.default\">\n\t\t\t\t<div class=\"elementor-widget-container\">\n\t\t\t\t\t\t\t\t\t<div class=\"elementor-button-wrapper\">\n\t\t\t\t\t<a class=\"elementor-button elementor-button-link elementor-size-sm\" href=\"https:\/\/ibb.co\/qCMx7zy\" target=\"_blank\">\n\t\t\t\t\t\t<span class=\"elementor-button-content-wrapper\">\n\t\t\t\t\t\t\t\t\t<span class=\"elementor-button-text\">les \u00e9lements de cadrage et le perspective de travail<\/span>\n\t\t\t\t\t<\/span>\n\t\t\t\t\t<\/a>\n\t\t\t\t<\/div>\n\t\t\t\t\t\t\t\t<\/div>\n\t\t\t\t<\/div>\n\t\t\t\t<\/div>\n\t\t\t\t<\/div>\n\t\t\t\t\t<\/div>\n\t\t\t\t<\/div>\n\t\t<div class=\"elementor-element elementor-element-4abb614 e-flex e-con-boxed e-con e-parent\" data-id=\"4abb614\" data-element_type=\"container\" data-e-type=\"container\">\n\t\t\t\t\t<div class=\"e-con-inner\">\n\t\t\t\t<div class=\"elementor-element elementor-element-e6d3c7c elementor-widget-divider--view-line elementor-widget elementor-widget-divider\" data-id=\"e6d3c7c\" data-element_type=\"widget\" data-e-type=\"widget\" data-widget_type=\"divider.default\">\n\t\t\t\t<div class=\"elementor-widget-container\">\n\t\t\t\t\t\t\t<div class=\"elementor-divider\">\n\t\t\t<span class=\"elementor-divider-separator\">\n\t\t\t\t\t\t<\/span>\n\t\t<\/div>\n\t\t\t\t\t\t<\/div>\n\t\t\t\t<\/div>\n\t\t\t\t\t<\/div>\n\t\t\t\t<\/div>\n\t\t\t\t<\/div>\n\t\t","protected":false},"excerpt":{"rendered":"<p>La Conf\u00e9rence R\u00e9gionale des Financeurs missions de la crf \u00ab Art. R. 112-44. \u2013 En vue de la conclusion de contrats pluriannuels d\u2019orientation et de financement, mentionn\u00e9s \u00e0 l\u2019article L. [&hellip;]<\/p>\n","protected":false},"author":1,"featured_media":0,"parent":0,"menu_order":0,"comment_status":"closed","ping_status":"closed","template":"page-templates\/template-pagebuilder-full-width.php","meta":{"footnotes":""},"class_list":["post-1112","page","type-page","status-publish","hentry"],"yoast_head":"<!-- This site is optimized with the Yoast SEO plugin v27.5 - https:\/\/yoast.com\/product\/yoast-seo-wordpress\/ -->\n<title>La Conf\u00e9rence R\u00e9gionale des Financeurs (CRF) - CDOS 28<\/title>\n<meta name=\"robots\" content=\"index, follow, max-snippet:-1, max-image-preview:large, max-video-preview:-1\" \/>\n<link rel=\"canonical\" href=\"https:\/\/www.sport28.fr\/index.php\/la-conference-regionale-des-financeurs-crf\/\" \/>\n<meta property=\"og:locale\" content=\"fr_FR\" \/>\n<meta property=\"og:type\" content=\"article\" \/>\n<meta property=\"og:title\" content=\"La Conf\u00e9rence R\u00e9gionale des Financeurs (CRF) - CDOS 28\" \/>\n<meta property=\"og:description\" content=\"La Conf\u00e9rence R\u00e9gionale des Financeurs missions de la crf \u00ab Art. R. 112-44. \u2013 En vue de la conclusion de contrats pluriannuels d\u2019orientation et de financement, mentionn\u00e9s \u00e0 l\u2019article L. [&hellip;]\" \/>\n<meta property=\"og:url\" content=\"https:\/\/www.sport28.fr\/index.php\/la-conference-regionale-des-financeurs-crf\/\" \/>\n<meta property=\"og:site_name\" content=\"CDOS 28\" \/>\n<meta property=\"article:publisher\" content=\"https:\/\/www.facebook.com\/CDOS28?locale=fr_FR\" \/>\n<meta property=\"article:modified_time\" content=\"2025-01-03T11:39:58+00:00\" \/>\n<meta property=\"og:image\" content=\"https:\/\/www.sport28.fr\/wp-content\/uploads\/2023\/10\/cdos_eure_et_loir_logo.jpg\" \/>\n\t<meta property=\"og:image:width\" content=\"1000\" \/>\n\t<meta property=\"og:image:height\" content=\"1000\" \/>\n\t<meta property=\"og:image:type\" content=\"image\/jpeg\" \/>\n<meta name=\"twitter:card\" content=\"summary_large_image\" \/>\n<meta name=\"twitter:label1\" content=\"Dur\u00e9e de lecture estim\u00e9e\" \/>\n\t<meta name=\"twitter:data1\" content=\"2 minutes\" \/>\n<script type=\"application\/ld+json\" class=\"yoast-schema-graph\">{\"@context\":\"https:\\\/\\\/schema.org\",\"@graph\":[{\"@type\":\"WebPage\",\"@id\":\"https:\\\/\\\/www.sport28.fr\\\/index.php\\\/la-conference-regionale-des-financeurs-crf\\\/\",\"url\":\"https:\\\/\\\/www.sport28.fr\\\/index.php\\\/la-conference-regionale-des-financeurs-crf\\\/\",\"name\":\"La Conf\u00e9rence R\u00e9gionale des Financeurs (CRF) - CDOS 28\",\"isPartOf\":{\"@id\":\"https:\\\/\\\/www.sport28.fr\\\/#website\"},\"datePublished\":\"2023-10-11T10:00:19+00:00\",\"dateModified\":\"2025-01-03T11:39:58+00:00\",\"breadcrumb\":{\"@id\":\"https:\\\/\\\/www.sport28.fr\\\/index.php\\\/la-conference-regionale-des-financeurs-crf\\\/#breadcrumb\"},\"inLanguage\":\"fr-FR\",\"potentialAction\":[{\"@type\":\"ReadAction\",\"target\":[\"https:\\\/\\\/www.sport28.fr\\\/index.php\\\/la-conference-regionale-des-financeurs-crf\\\/\"]}]},{\"@type\":\"BreadcrumbList\",\"@id\":\"https:\\\/\\\/www.sport28.fr\\\/index.php\\\/la-conference-regionale-des-financeurs-crf\\\/#breadcrumb\",\"itemListElement\":[{\"@type\":\"ListItem\",\"position\":1,\"name\":\"Accueil\",\"item\":\"https:\\\/\\\/www.sport28.fr\\\/\"},{\"@type\":\"ListItem\",\"position\":2,\"name\":\"La Conf\u00e9rence R\u00e9gionale des Financeurs (CRF)\"}]},{\"@type\":\"WebSite\",\"@id\":\"https:\\\/\\\/www.sport28.fr\\\/#website\",\"url\":\"https:\\\/\\\/www.sport28.fr\\\/\",\"name\":\"CDOS 28\",\"description\":\"Comit\u00e9 D\u00e9partementale Olympique et Sportif d&#039;Eure et Loir\",\"publisher\":{\"@id\":\"https:\\\/\\\/www.sport28.fr\\\/#organization\"},\"potentialAction\":[{\"@type\":\"SearchAction\",\"target\":{\"@type\":\"EntryPoint\",\"urlTemplate\":\"https:\\\/\\\/www.sport28.fr\\\/?s={search_term_string}\"},\"query-input\":{\"@type\":\"PropertyValueSpecification\",\"valueRequired\":true,\"valueName\":\"search_term_string\"}}],\"inLanguage\":\"fr-FR\"},{\"@type\":\"Organization\",\"@id\":\"https:\\\/\\\/www.sport28.fr\\\/#organization\",\"name\":\"Comit\u00e9 d\u00e9partemental olympique et sportif d'eure-et-loir\",\"alternateName\":\"cdos 28\",\"url\":\"https:\\\/\\\/www.sport28.fr\\\/\",\"logo\":{\"@type\":\"ImageObject\",\"inLanguage\":\"fr-FR\",\"@id\":\"https:\\\/\\\/www.sport28.fr\\\/#\\\/schema\\\/logo\\\/image\\\/\",\"url\":\"https:\\\/\\\/www.sport28.fr\\\/wp-content\\\/uploads\\\/2023\\\/10\\\/cdos_eure_et_loir_logo.jpg\",\"contentUrl\":\"https:\\\/\\\/www.sport28.fr\\\/wp-content\\\/uploads\\\/2023\\\/10\\\/cdos_eure_et_loir_logo.jpg\",\"width\":1000,\"height\":1000,\"caption\":\"Comit\u00e9 d\u00e9partemental olympique et sportif d'eure-et-loir\"},\"image\":{\"@id\":\"https:\\\/\\\/www.sport28.fr\\\/#\\\/schema\\\/logo\\\/image\\\/\"},\"sameAs\":[\"https:\\\/\\\/www.facebook.com\\\/CDOS28?locale=fr_FR\"]}]}<\/script>\n<!-- \/ Yoast SEO plugin. -->","yoast_head_json":{"title":"La Conf\u00e9rence R\u00e9gionale des Financeurs (CRF) - CDOS 28","robots":{"index":"index","follow":"follow","max-snippet":"max-snippet:-1","max-image-preview":"max-image-preview:large","max-video-preview":"max-video-preview:-1"},"canonical":"https:\/\/www.sport28.fr\/index.php\/la-conference-regionale-des-financeurs-crf\/","og_locale":"fr_FR","og_type":"article","og_title":"La Conf\u00e9rence R\u00e9gionale des Financeurs (CRF) - CDOS 28","og_description":"La Conf\u00e9rence R\u00e9gionale des Financeurs missions de la crf \u00ab Art. R. 112-44. \u2013 En vue de la conclusion de contrats pluriannuels d\u2019orientation et de financement, mentionn\u00e9s \u00e0 l\u2019article L. [&hellip;]","og_url":"https:\/\/www.sport28.fr\/index.php\/la-conference-regionale-des-financeurs-crf\/","og_site_name":"CDOS 28","article_publisher":"https:\/\/www.facebook.com\/CDOS28?locale=fr_FR","article_modified_time":"2025-01-03T11:39:58+00:00","og_image":[{"width":1000,"height":1000,"url":"https:\/\/www.sport28.fr\/wp-content\/uploads\/2023\/10\/cdos_eure_et_loir_logo.jpg","type":"image\/jpeg"}],"twitter_card":"summary_large_image","twitter_misc":{"Dur\u00e9e de lecture estim\u00e9e":"2 minutes"},"schema":{"@context":"https:\/\/schema.org","@graph":[{"@type":"WebPage","@id":"https:\/\/www.sport28.fr\/index.php\/la-conference-regionale-des-financeurs-crf\/","url":"https:\/\/www.sport28.fr\/index.php\/la-conference-regionale-des-financeurs-crf\/","name":"La Conf\u00e9rence R\u00e9gionale des Financeurs (CRF) - CDOS 28","isPartOf":{"@id":"https:\/\/www.sport28.fr\/#website"},"datePublished":"2023-10-11T10:00:19+00:00","dateModified":"2025-01-03T11:39:58+00:00","breadcrumb":{"@id":"https:\/\/www.sport28.fr\/index.php\/la-conference-regionale-des-financeurs-crf\/#breadcrumb"},"inLanguage":"fr-FR","potentialAction":[{"@type":"ReadAction","target":["https:\/\/www.sport28.fr\/index.php\/la-conference-regionale-des-financeurs-crf\/"]}]},{"@type":"BreadcrumbList","@id":"https:\/\/www.sport28.fr\/index.php\/la-conference-regionale-des-financeurs-crf\/#breadcrumb","itemListElement":[{"@type":"ListItem","position":1,"name":"Accueil","item":"https:\/\/www.sport28.fr\/"},{"@type":"ListItem","position":2,"name":"La Conf\u00e9rence R\u00e9gionale des Financeurs (CRF)"}]},{"@type":"WebSite","@id":"https:\/\/www.sport28.fr\/#website","url":"https:\/\/www.sport28.fr\/","name":"CDOS 28","description":"Comit\u00e9 D\u00e9partementale Olympique et Sportif d&#039;Eure et Loir","publisher":{"@id":"https:\/\/www.sport28.fr\/#organization"},"potentialAction":[{"@type":"SearchAction","target":{"@type":"EntryPoint","urlTemplate":"https:\/\/www.sport28.fr\/?s={search_term_string}"},"query-input":{"@type":"PropertyValueSpecification","valueRequired":true,"valueName":"search_term_string"}}],"inLanguage":"fr-FR"},{"@type":"Organization","@id":"https:\/\/www.sport28.fr\/#organization","name":"Comit\u00e9 d\u00e9partemental olympique et sportif d'eure-et-loir","alternateName":"cdos 28","url":"https:\/\/www.sport28.fr\/","logo":{"@type":"ImageObject","inLanguage":"fr-FR","@id":"https:\/\/www.sport28.fr\/#\/schema\/logo\/image\/","url":"https:\/\/www.sport28.fr\/wp-content\/uploads\/2023\/10\/cdos_eure_et_loir_logo.jpg","contentUrl":"https:\/\/www.sport28.fr\/wp-content\/uploads\/2023\/10\/cdos_eure_et_loir_logo.jpg","width":1000,"height":1000,"caption":"Comit\u00e9 d\u00e9partemental olympique et sportif d'eure-et-loir"},"image":{"@id":"https:\/\/www.sport28.fr\/#\/schema\/logo\/image\/"},"sameAs":["https:\/\/www.facebook.com\/CDOS28?locale=fr_FR"]}]}},"_links":{"self":[{"href":"https:\/\/www.sport28.fr\/index.php\/wp-json\/wp\/v2\/pages\/1112","targetHints":{"allow":["GET"]}}],"collection":[{"href":"https:\/\/www.sport28.fr\/index.php\/wp-json\/wp\/v2\/pages"}],"about":[{"href":"https:\/\/www.sport28.fr\/index.php\/wp-json\/wp\/v2\/types\/page"}],"author":[{"embeddable":true,"href":"https:\/\/www.sport28.fr\/index.php\/wp-json\/wp\/v2\/users\/1"}],"replies":[{"embeddable":true,"href":"https:\/\/www.sport28.fr\/index.php\/wp-json\/wp\/v2\/comments?post=1112"}],"version-history":[{"count":23,"href":"https:\/\/www.sport28.fr\/index.php\/wp-json\/wp\/v2\/pages\/1112\/revisions"}],"predecessor-version":[{"id":3655,"href":"https:\/\/www.sport28.fr\/index.php\/wp-json\/wp\/v2\/pages\/1112\/revisions\/3655"}],"wp:attachment":[{"href":"https:\/\/www.sport28.fr\/index.php\/wp-json\/wp\/v2\/media?parent=1112"}],"curies":[{"name":"wp","href":"https:\/\/api.w.org\/{rel}","templated":true}]}}